{"id":12623,"date":"2025-12-02T23:23:57","date_gmt":"2025-12-02T22:23:57","guid":{"rendered":"https:\/\/www.antillia.be\/blog\/?page_id=12623"},"modified":"2025-12-02T23:23:57","modified_gmt":"2025-12-02T22:23:57","slug":"2022-rechter-dirk-thys-over-de-impact-van-een-gevangenisstraf","status":"publish","type":"page","link":"https:\/\/www.antillia.be\/blog\/de-zingende-ziel-der-dingen\/getuigenissen-over-nand-en-sim\/1962-1990-a-charge-et-a-decharge\/2022-rechter-dirk-thys-over-de-impact-van-een-gevangenisstraf\/","title":{"rendered":"2022 Rechter Dirk Thys (over de impact van een gevangenisstraf)"},"content":{"rendered":"<p>Interview met rechter Dirk Thys in Humo\/De Morgen (2022) over de impact van een gevangenisstraf.<\/p>\n<p>Vraag: &#8220;Vindt u zelf dat er strengere straffen moeten komen?&#8221;<\/p>\n<p>Thys (fel): \u201cIk vind vooral dat de bevolking vaak heel licht gaat over gevangenisstraffen. Iemand van zijn vrijheid beroven, dat is afschuwelijk. Je hoort mensen soms zeggen dat de veroordeelde m\u00e1\u00e1r vijf jaar cel heeft gekregen. Maar bedenk eens wat jij in de afgelopen vijf jaar hebt gedaan en probeer dat eens uit je leven te wissen. Vijf jaar, dat is niet niks hoor. Wat je tegenwoordig ook vaak hoort: \u2018Gevangenissen zijn luxeresorts geworden.\u2019 Inderdaad, gevangenen mogen op hun PlayStation spelen, en soms ook werken, en sommigen leven zelfs in een open regime, waardoor ze overdag uit hun cel mogen komen. Maar herinner je je nog hoe ongelukkig iedereen zich voelde tijdens die eerste lockdown, toen we thuis opgesloten zaten en amper naar buiten mochten? We liepen de muren op! Beeld je dan maar eens in dat je dat jaar in, jaar uit moet doen, in een cel van twee bij drie meter, en met nog striktere regels. Neen, gevangenissen zijn een ontzettende inkrimping van de levenskwaliteit. Dat druk ik de jury ook bij elk proces op het hart. Vlak voor we het beraad beginnen over de strafmaat voor de veroordeelde, zeg ik altijd: \u2018Voor wie vindt dat gevangenissen luxeresorts zijn, kan ik deze zomer wel een plaatsje reserveren voor een maand. Iemand interesse?\u2019 Geen enkel jurylid heeft zich ooit kandidaat gesteld.\u201d<\/p>\n<p>(het volledige interview kan je <a href=\"https:\/\/www.demorgen.be\/nieuws\/een-beschuldigde-heeft-het-recht-om-te-liegen-te-manipuleren-en-te-zwijgen-dat-moet-je-als-rechter-ook-respecteren~b8eecf18\/\" target=\"_blank\" rel=\"noopener nofollow\">hier<\/a> lezen.<\/p>\n<p>Fragment:<\/p>\n<p><a href=\"https:\/\/www.antillia.be\/blog\/wp-content\/uploads\/2025\/12\/Gevangenisstraf-scaled.jpg\"><img decoding=\"async\" class=\"alignnone size-medium wp-image-12620\" src=\"https:\/\/www.antillia.be\/blog\/wp-content\/uploads\/2025\/12\/Gevangenisstraf-220x300.jpg\" alt=\"\" width=\"220\" height=\"300\" srcset=\"https:\/\/www.antillia.be\/blog\/wp-content\/uploads\/2025\/12\/Gevangenisstraf-220x300.jpg 220w, https:\/\/www.antillia.be\/blog\/wp-content\/uploads\/2025\/12\/Gevangenisstraf-751x1024.jpg 751w, https:\/\/www.antillia.be\/blog\/wp-content\/uploads\/2025\/12\/Gevangenisstraf-768x1047.jpg 768w, https:\/\/www.antillia.be\/blog\/wp-content\/uploads\/2025\/12\/Gevangenisstraf-1127x1536.jpg 1127w, https:\/\/www.antillia.be\/blog\/wp-content\/uploads\/2025\/12\/Gevangenisstraf-scaled.jpg 1503w\" sizes=\"(max-width: 220px) 100vw, 220px\" \/><\/a><\/p>\n","protected":false},"excerpt":{"rendered":"<p>Interview met rechter Dirk Thys in Humo\/De Morgen (2022) over de impact van een gevangenisstraf. Vraag: &#8220;Vindt u zelf dat er strengere straffen moeten komen?&#8221; Thys (fel): \u201cIk vind vooral dat de bevolking vaak heel licht gaat over gevangenisstraffen. Iemand van zijn vrijheid beroven, dat is afschuwelijk. Je hoort mensen soms zeggen dat de veroordeelde &hellip; <\/p>\n<p class=\"link-more\"><a href=\"https:\/\/www.antillia.be\/blog\/de-zingende-ziel-der-dingen\/getuigenissen-over-nand-en-sim\/1962-1990-a-charge-et-a-decharge\/2022-rechter-dirk-thys-over-de-impact-van-een-gevangenisstraf\/\" class=\"more-link\">Lees verder <span class=\"screen-reader-text\">&#8220;2022 Rechter Dirk Thys (over de impact van een gevangenisstraf)&#8221;<\/span><\/a><\/p>\n","protected":false},"author":1,"featured_media":0,"parent":1978,"menu_order":288,"comment_status":"closed","ping_status":"closed","template":"","meta":{"footnotes":""},"class_list":["post-12623","page","type-page","status-publish","hentry"],"yoast_head":"<!-- This site is optimized with the Yoast SEO plugin v27.5 - https:\/\/yoast.com\/product\/yoast-seo-wordpress\/ -->\n<title>2022 Rechter Dirk Thys (over de impact van een gevangenisstraf) - Raratonga<\/title>\n<meta name=\"robots\" content=\"index, follow, max-snippet:-1, max-image-preview:large, max-video-preview:-1\" \/>\n<link rel=\"canonical\" href=\"https:\/\/www.antillia.be\/blog\/de-zingende-ziel-der-dingen\/getuigenissen-over-nand-en-sim\/1962-1990-a-charge-et-a-decharge\/2022-rechter-dirk-thys-over-de-impact-van-een-gevangenisstraf\/\" \/>\n<meta property=\"og:locale\" content=\"nl_NL\" \/>\n<meta property=\"og:type\" content=\"article\" \/>\n<meta property=\"og:title\" content=\"2022 Rechter Dirk Thys (over de impact van een gevangenisstraf) - Raratonga\" \/>\n<meta property=\"og:description\" content=\"Interview met rechter Dirk Thys in Humo\/De Morgen (2022) over de impact van een gevangenisstraf. Vraag: &#8220;Vindt u zelf dat er strengere straffen moeten komen?&#8221; Thys (fel): \u201cIk vind vooral dat de bevolking vaak heel licht gaat over gevangenisstraffen. Iemand van zijn vrijheid beroven, dat is afschuwelijk. Je hoort mensen soms zeggen dat de veroordeelde &hellip; Lees verder &quot;2022 Rechter Dirk Thys (over de impact van een gevangenisstraf)&quot;\" \/>\n<meta property=\"og:url\" content=\"https:\/\/www.antillia.be\/blog\/de-zingende-ziel-der-dingen\/getuigenissen-over-nand-en-sim\/1962-1990-a-charge-et-a-decharge\/2022-rechter-dirk-thys-over-de-impact-van-een-gevangenisstraf\/\" \/>\n<meta property=\"og:site_name\" content=\"Raratonga\" \/>\n<meta property=\"og:image\" content=\"https:\/\/www.antillia.be\/blog\/wp-content\/uploads\/2025\/12\/Gevangenisstraf-scaled.jpg\" \/>\n\t<meta property=\"og:image:width\" content=\"1503\" \/>\n\t<meta property=\"og:image:height\" content=\"2048\" \/>\n\t<meta property=\"og:image:type\" content=\"image\/jpeg\" \/>\n<meta name=\"twitter:card\" content=\"summary_large_image\" \/>\n<meta name=\"twitter:label1\" content=\"Geschatte leestijd\" \/>\n\t<meta name=\"twitter:data1\" content=\"2 minuten\" \/>\n<script type=\"application\/ld+json\" class=\"yoast-schema-graph\">{\"@context\":\"https:\\\/\\\/schema.org\",\"@graph\":[{\"@type\":\"WebPage\",\"@id\":\"https:\\\/\\\/www.antillia.be\\\/blog\\\/de-zingende-ziel-der-dingen\\\/getuigenissen-over-nand-en-sim\\\/1962-1990-a-charge-et-a-decharge\\\/2022-rechter-dirk-thys-over-de-impact-van-een-gevangenisstraf\\\/\",\"url\":\"https:\\\/\\\/www.antillia.be\\\/blog\\\/de-zingende-ziel-der-dingen\\\/getuigenissen-over-nand-en-sim\\\/1962-1990-a-charge-et-a-decharge\\\/2022-rechter-dirk-thys-over-de-impact-van-een-gevangenisstraf\\\/\",\"name\":\"2022 Rechter Dirk Thys (over de impact van een gevangenisstraf) - Raratonga\",\"isPartOf\":{\"@id\":\"https:\\\/\\\/www.antillia.be\\\/blog\\\/#website\"},\"primaryImageOfPage\":{\"@id\":\"https:\\\/\\\/www.antillia.be\\\/blog\\\/de-zingende-ziel-der-dingen\\\/getuigenissen-over-nand-en-sim\\\/1962-1990-a-charge-et-a-decharge\\\/2022-rechter-dirk-thys-over-de-impact-van-een-gevangenisstraf\\\/#primaryimage\"},\"image\":{\"@id\":\"https:\\\/\\\/www.antillia.be\\\/blog\\\/de-zingende-ziel-der-dingen\\\/getuigenissen-over-nand-en-sim\\\/1962-1990-a-charge-et-a-decharge\\\/2022-rechter-dirk-thys-over-de-impact-van-een-gevangenisstraf\\\/#primaryimage\"},\"thumbnailUrl\":\"https:\\\/\\\/www.antillia.be\\\/blog\\\/wp-content\\\/uploads\\\/2025\\\/12\\\/Gevangenisstraf-220x300.jpg\",\"datePublished\":\"2025-12-02T22:23:57+00:00\",\"breadcrumb\":{\"@id\":\"https:\\\/\\\/www.antillia.be\\\/blog\\\/de-zingende-ziel-der-dingen\\\/getuigenissen-over-nand-en-sim\\\/1962-1990-a-charge-et-a-decharge\\\/2022-rechter-dirk-thys-over-de-impact-van-een-gevangenisstraf\\\/#breadcrumb\"},\"inLanguage\":\"nl-NL\",\"potentialAction\":[{\"@type\":\"ReadAction\",\"target\":[\"https:\\\/\\\/www.antillia.be\\\/blog\\\/de-zingende-ziel-der-dingen\\\/getuigenissen-over-nand-en-sim\\\/1962-1990-a-charge-et-a-decharge\\\/2022-rechter-dirk-thys-over-de-impact-van-een-gevangenisstraf\\\/\"]}]},{\"@type\":\"ImageObject\",\"inLanguage\":\"nl-NL\",\"@id\":\"https:\\\/\\\/www.antillia.be\\\/blog\\\/de-zingende-ziel-der-dingen\\\/getuigenissen-over-nand-en-sim\\\/1962-1990-a-charge-et-a-decharge\\\/2022-rechter-dirk-thys-over-de-impact-van-een-gevangenisstraf\\\/#primaryimage\",\"url\":\"https:\\\/\\\/www.antillia.be\\\/blog\\\/wp-content\\\/uploads\\\/2025\\\/12\\\/Gevangenisstraf-scaled.jpg\",\"contentUrl\":\"https:\\\/\\\/www.antillia.be\\\/blog\\\/wp-content\\\/uploads\\\/2025\\\/12\\\/Gevangenisstraf-scaled.jpg\",\"width\":1503,\"height\":2048},{\"@type\":\"BreadcrumbList\",\"@id\":\"https:\\\/\\\/www.antillia.be\\\/blog\\\/de-zingende-ziel-der-dingen\\\/getuigenissen-over-nand-en-sim\\\/1962-1990-a-charge-et-a-decharge\\\/2022-rechter-dirk-thys-over-de-impact-van-een-gevangenisstraf\\\/#breadcrumb\",\"itemListElement\":[{\"@type\":\"ListItem\",\"position\":1,\"name\":\"Home\",\"item\":\"https:\\\/\\\/www.antillia.be\\\/blog\\\/\"},{\"@type\":\"ListItem\",\"position\":2,\"name\":\"De Zingende Ziel der Dingen\",\"item\":\"https:\\\/\\\/www.antillia.be\\\/blog\\\/de-zingende-ziel-der-dingen\\\/\"},{\"@type\":\"ListItem\",\"position\":3,\"name\":\"Getuigenissen over Nand en Sim\",\"item\":\"https:\\\/\\\/www.antillia.be\\\/blog\\\/de-zingende-ziel-der-dingen\\\/getuigenissen-over-nand-en-sim\\\/\"},{\"@type\":\"ListItem\",\"position\":4,\"name\":\"1906 -2019 over Nand: &#8220;\u00e0 charge et \u00e0 d\u00e9charge&#8221;&#8230;\",\"item\":\"https:\\\/\\\/www.antillia.be\\\/blog\\\/de-zingende-ziel-der-dingen\\\/getuigenissen-over-nand-en-sim\\\/1962-1990-a-charge-et-a-decharge\\\/\"},{\"@type\":\"ListItem\",\"position\":5,\"name\":\"2022 Rechter Dirk Thys (over de impact van een gevangenisstraf)\"}]},{\"@type\":\"WebSite\",\"@id\":\"https:\\\/\\\/www.antillia.be\\\/blog\\\/#website\",\"url\":\"https:\\\/\\\/www.antillia.be\\\/blog\\\/\",\"name\":\"Raratonga\",\"description\":\"Biografie van een liefde\",\"potentialAction\":[{\"@type\":\"SearchAction\",\"target\":{\"@type\":\"EntryPoint\",\"urlTemplate\":\"https:\\\/\\\/www.antillia.be\\\/blog\\\/?s={search_term_string}\"},\"query-input\":{\"@type\":\"PropertyValueSpecification\",\"valueRequired\":true,\"valueName\":\"search_term_string\"}}],\"inLanguage\":\"nl-NL\"}]}<\/script>\n<!-- \/ Yoast SEO plugin. -->","yoast_head_json":{"title":"2022 Rechter Dirk Thys (over de impact van een gevangenisstraf) - Raratonga","robots":{"index":"index","follow":"follow","max-snippet":"max-snippet:-1","max-image-preview":"max-image-preview:large","max-video-preview":"max-video-preview:-1"},"canonical":"https:\/\/www.antillia.be\/blog\/de-zingende-ziel-der-dingen\/getuigenissen-over-nand-en-sim\/1962-1990-a-charge-et-a-decharge\/2022-rechter-dirk-thys-over-de-impact-van-een-gevangenisstraf\/","og_locale":"nl_NL","og_type":"article","og_title":"2022 Rechter Dirk Thys (over de impact van een gevangenisstraf) - Raratonga","og_description":"Interview met rechter Dirk Thys in Humo\/De Morgen (2022) over de impact van een gevangenisstraf. Vraag: &#8220;Vindt u zelf dat er strengere straffen moeten komen?&#8221; Thys (fel): \u201cIk vind vooral dat de bevolking vaak heel licht gaat over gevangenisstraffen. Iemand van zijn vrijheid beroven, dat is afschuwelijk. Je hoort mensen soms zeggen dat de veroordeelde &hellip; Lees verder \"2022 Rechter Dirk Thys (over de impact van een gevangenisstraf)\"","og_url":"https:\/\/www.antillia.be\/blog\/de-zingende-ziel-der-dingen\/getuigenissen-over-nand-en-sim\/1962-1990-a-charge-et-a-decharge\/2022-rechter-dirk-thys-over-de-impact-van-een-gevangenisstraf\/","og_site_name":"Raratonga","og_image":[{"width":1503,"height":2048,"url":"https:\/\/www.antillia.be\/blog\/wp-content\/uploads\/2025\/12\/Gevangenisstraf-scaled.jpg","type":"image\/jpeg"}],"twitter_card":"summary_large_image","twitter_misc":{"Geschatte leestijd":"2 minuten"},"schema":{"@context":"https:\/\/schema.org","@graph":[{"@type":"WebPage","@id":"https:\/\/www.antillia.be\/blog\/de-zingende-ziel-der-dingen\/getuigenissen-over-nand-en-sim\/1962-1990-a-charge-et-a-decharge\/2022-rechter-dirk-thys-over-de-impact-van-een-gevangenisstraf\/","url":"https:\/\/www.antillia.be\/blog\/de-zingende-ziel-der-dingen\/getuigenissen-over-nand-en-sim\/1962-1990-a-charge-et-a-decharge\/2022-rechter-dirk-thys-over-de-impact-van-een-gevangenisstraf\/","name":"2022 Rechter Dirk Thys (over de impact van een gevangenisstraf) - Raratonga","isPartOf":{"@id":"https:\/\/www.antillia.be\/blog\/#website"},"primaryImageOfPage":{"@id":"https:\/\/www.antillia.be\/blog\/de-zingende-ziel-der-dingen\/getuigenissen-over-nand-en-sim\/1962-1990-a-charge-et-a-decharge\/2022-rechter-dirk-thys-over-de-impact-van-een-gevangenisstraf\/#primaryimage"},"image":{"@id":"https:\/\/www.antillia.be\/blog\/de-zingende-ziel-der-dingen\/getuigenissen-over-nand-en-sim\/1962-1990-a-charge-et-a-decharge\/2022-rechter-dirk-thys-over-de-impact-van-een-gevangenisstraf\/#primaryimage"},"thumbnailUrl":"https:\/\/www.antillia.be\/blog\/wp-content\/uploads\/2025\/12\/Gevangenisstraf-220x300.jpg","datePublished":"2025-12-02T22:23:57+00:00","breadcrumb":{"@id":"https:\/\/www.antillia.be\/blog\/de-zingende-ziel-der-dingen\/getuigenissen-over-nand-en-sim\/1962-1990-a-charge-et-a-decharge\/2022-rechter-dirk-thys-over-de-impact-van-een-gevangenisstraf\/#breadcrumb"},"inLanguage":"nl-NL","potentialAction":[{"@type":"ReadAction","target":["https:\/\/www.antillia.be\/blog\/de-zingende-ziel-der-dingen\/getuigenissen-over-nand-en-sim\/1962-1990-a-charge-et-a-decharge\/2022-rechter-dirk-thys-over-de-impact-van-een-gevangenisstraf\/"]}]},{"@type":"ImageObject","inLanguage":"nl-NL","@id":"https:\/\/www.antillia.be\/blog\/de-zingende-ziel-der-dingen\/getuigenissen-over-nand-en-sim\/1962-1990-a-charge-et-a-decharge\/2022-rechter-dirk-thys-over-de-impact-van-een-gevangenisstraf\/#primaryimage","url":"https:\/\/www.antillia.be\/blog\/wp-content\/uploads\/2025\/12\/Gevangenisstraf-scaled.jpg","contentUrl":"https:\/\/www.antillia.be\/blog\/wp-content\/uploads\/2025\/12\/Gevangenisstraf-scaled.jpg","width":1503,"height":2048},{"@type":"BreadcrumbList","@id":"https:\/\/www.antillia.be\/blog\/de-zingende-ziel-der-dingen\/getuigenissen-over-nand-en-sim\/1962-1990-a-charge-et-a-decharge\/2022-rechter-dirk-thys-over-de-impact-van-een-gevangenisstraf\/#breadcrumb","itemListElement":[{"@type":"ListItem","position":1,"name":"Home","item":"https:\/\/www.antillia.be\/blog\/"},{"@type":"ListItem","position":2,"name":"De Zingende Ziel der Dingen","item":"https:\/\/www.antillia.be\/blog\/de-zingende-ziel-der-dingen\/"},{"@type":"ListItem","position":3,"name":"Getuigenissen over Nand en Sim","item":"https:\/\/www.antillia.be\/blog\/de-zingende-ziel-der-dingen\/getuigenissen-over-nand-en-sim\/"},{"@type":"ListItem","position":4,"name":"1906 -2019 over Nand: &#8220;\u00e0 charge et \u00e0 d\u00e9charge&#8221;&#8230;","item":"https:\/\/www.antillia.be\/blog\/de-zingende-ziel-der-dingen\/getuigenissen-over-nand-en-sim\/1962-1990-a-charge-et-a-decharge\/"},{"@type":"ListItem","position":5,"name":"2022 Rechter Dirk Thys (over de impact van een gevangenisstraf)"}]},{"@type":"WebSite","@id":"https:\/\/www.antillia.be\/blog\/#website","url":"https:\/\/www.antillia.be\/blog\/","name":"Raratonga","description":"Biografie van een liefde","potentialAction":[{"@type":"SearchAction","target":{"@type":"EntryPoint","urlTemplate":"https:\/\/www.antillia.be\/blog\/?s={search_term_string}"},"query-input":{"@type":"PropertyValueSpecification","valueRequired":true,"valueName":"search_term_string"}}],"inLanguage":"nl-NL"}]}},"jetpack_shortlink":"https:\/\/wp.me\/PbQXZk-3hB","jetpack_sharing_enabled":true,"jetpack_likes_enabled":true,"_links":{"self":[{"href":"https:\/\/www.antillia.be\/blog\/wp-json\/wp\/v2\/pages\/12623","targetHints":{"allow":["GET"]}}],"collection":[{"href":"https:\/\/www.antillia.be\/blog\/wp-json\/wp\/v2\/pages"}],"about":[{"href":"https:\/\/www.antillia.be\/blog\/wp-json\/wp\/v2\/types\/page"}],"author":[{"embeddable":true,"href":"https:\/\/www.antillia.be\/blog\/wp-json\/wp\/v2\/users\/1"}],"replies":[{"embeddable":true,"href":"https:\/\/www.antillia.be\/blog\/wp-json\/wp\/v2\/comments?post=12623"}],"version-history":[{"count":0,"href":"https:\/\/www.antillia.be\/blog\/wp-json\/wp\/v2\/pages\/12623\/revisions"}],"up":[{"embeddable":true,"href":"https:\/\/www.antillia.be\/blog\/wp-json\/wp\/v2\/pages\/1978"}],"wp:attachment":[{"href":"https:\/\/www.antillia.be\/blog\/wp-json\/wp\/v2\/media?parent=12623"}],"curies":[{"name":"wp","href":"https:\/\/api.w.org\/{rel}","templated":true}]}}