{"id":934,"date":"2018-09-20T02:18:51","date_gmt":"2018-09-20T02:18:51","guid":{"rendered":"https:\/\/www.antillia.be\/blog\/?page_id=934"},"modified":"2024-11-22T02:39:08","modified_gmt":"2024-11-22T01:39:08","slug":"celdagboek-1944-1945","status":"publish","type":"page","link":"https:\/\/www.antillia.be\/blog\/voorgeschiedenis\/sim\/1944-1947-chronologie-gevangenschap-interneringscentra-en-processen\/1944-1ste-internering-leuven-centraal\/celdagboek-1944-1945\/","title":{"rendered":"Celdagboek 1 1944-1945 Bevrijdingsdagen &#8220;Blijft wie ge zijt!"},"content":{"rendered":"<p>(voor de &#8220;Blijft wie ge zijt&#8221; in de titel, zie het dagboek hieronder p. 15 en noot\u00a0 <sup>(35) <\/sup>helemaal onderaan, met ook audio van Sim zelf daarover)<\/p>\r\n<p><em>Opmerking: dit dagboek in twee delen werd door Sim in potlood geschreven tijdens haar eerste gevangenschap van september 1944 tot februari 1945. Ze verbleef toen in de gevangenis van Leuven Centraal, aan de Geldenaakse Baan. Ze beschrijft de laatste augustusdagen van &#8217;44, daarna de bevrijding in september, de aanhouding en het gevangenisverblijf. Na een tijd werden ook haar moeder (Nathalie), haar vader (Jules), haar broer (Bert en haar zus (Finneke) voor een tijdje aangehouden. Op een bepaald moment zat dus de hele familie achter de tralies, zonder dat ze met elkaar contact konden hebben. Dit betekent ook dat het ouderlijk huis in Sint-Joris-Winge een tijdje leeg stond en ten prooi viel aan plunderingen. <\/em> <em>In tegenstelling tot Nands memoires over die tijd zijn deze herinneringen dus op het moment zelf geschreven, en in die zin betrouwbaarder, omdat ze niet bedekt zijn door het deken van de tijd in nabeschouwing. <\/em> <em>Te vermelden valt ook dat dit dagboek niet in de handen is gevallen van de censuur, en dus &#8216;zuiver&#8217; is. Het verliet immers nooit de gevangenis, tenzij bij haar vrijlating.<\/em><\/p>\r\n<hr \/>\r\n<p>Overzicht september 1944-februari 1945, 1ste aanhouding en celdagboeken<\/p>\r\n<ul class=\"children\">\r\n<li class=\"page_item page-item-5743 page_item_has_children\"><a href=\"https:\/\/www.antillia.be\/blog\/voorgeschiedenis\/sim\/1944-1947-chronologie-gevangenschap-interneringscentra-en-processen\/1944-1ste-internering-leuven-centraal\/\">1944 1ste internering Leuven Centraal<\/a>\r\n<ul class=\"children\">\r\n<li class=\"page_item page-item-934\"><a href=\"https:\/\/www.antillia.be\/blog\/voorgeschiedenis\/sim\/1944-1947-chronologie-gevangenschap-interneringscentra-en-processen\/1944-1ste-internering-leuven-centraal\/celdagboek-1944-1945\/\">Celdagboek 1 1944-1945 Bevrijdingsdagen \u201cBlijft wie ge zijt!<\/a><\/li>\r\n<li class=\"page_item page-item-948 page_item_has_children\"><a href=\"https:\/\/www.antillia.be\/blog\/voorgeschiedenis\/sim\/1944-1947-chronologie-gevangenschap-interneringscentra-en-processen\/1944-1ste-internering-leuven-centraal\/celdagboek-2-1944-1945\/\">Celdagboek 2 1944-1945<\/a>\r\n<ul class=\"children\">\r\n<li class=\"page_item page-item-7906\"><a href=\"https:\/\/www.antillia.be\/blog\/voorgeschiedenis\/sim\/1944-1947-chronologie-gevangenschap-interneringscentra-en-processen\/1944-1ste-internering-leuven-centraal\/celdagboek-2-1944-1945\/poetische-mijmeringen\/\">Po\u00ebtische mijmeringen<\/a><\/li>\r\n<li class=\"page_item page-item-7894\"><a href=\"https:\/\/www.antillia.be\/blog\/voorgeschiedenis\/sim\/1944-1947-chronologie-gevangenschap-interneringscentra-en-processen\/1944-1ste-internering-leuven-centraal\/celdagboek-2-1944-1945\/middle-age-and-the-lady\/\">Middle Age and the Lady<\/a><\/li>\r\n<\/ul>\r\n<\/li>\r\n<li class=\"page_item page-item-967\"><a href=\"https:\/\/www.antillia.be\/blog\/voorgeschiedenis\/sim\/1944-1947-chronologie-gevangenschap-interneringscentra-en-processen\/1944-1ste-internering-leuven-centraal\/celdagboek-brief\/\">Celdagboek 3 1944 \u2013 Brief<\/a><\/li>\r\n<li class=\"page_item page-item-1274\"><a href=\"https:\/\/www.antillia.be\/blog\/voorgeschiedenis\/sim\/1944-1947-chronologie-gevangenschap-interneringscentra-en-processen\/1944-1ste-internering-leuven-centraal\/celdagboek-5-1944-tekeningen\/\">Celdagboek 4 1944 Tekeningen<\/a><\/li>\r\n<\/ul>\r\n<\/li>\r\n<\/ul>\r\n<p>Hierna &#8220;Celdagboek 1&#8221;, &#8220;Celdagboek 2&#8221; in <span style=\"color: #0000ff;\"><a style=\"color: #0000ff;\" href=\"https:\/\/www.antillia.be\/blog\/voorgeschiedenis\/sim\/1944-1947-chronologie-gevangenschap-interneringscentra-en-processen\/1944-familie-aanhoudingen\/\" target=\"_blank\" rel=\"noopener\">dit hoofdstuk<\/a><\/span>.<\/p>\r\n<hr \/>\r\n<p><em>Op 18 augustus 1944 was Sim net 25 geworden. De cijfers in subscript verwijzen naar de annotaties onderaan, de cijfers tussen haakjes verwijzen naar de pagina&#8217;s van het manuscript.<\/em><\/p>\r\n<p><em>Chronologie:<\/em> <em>Woensdag <span style=\"color: #0000ff;\">6 september<\/span> 1944\u00a0 (pagina 15): eerste aanhouding en ondervraging, <\/em><em>na <span style=\"color: #0000ff;\">vier dagen<\/span> vrijlating op zaterdagvoormiddag <span style=\"color: #0000ff;\">9 september<\/span> (deze dagen zijn aangekruist op de aftelkalender: 6 september: &#8220;Sim&#8221;, boven 8 september staat &#8220;Maken&#8221;: aanhouding van Sims moeder, zie pagina 19 ). <\/em><em>Volgende dagen zijn aangeduid met een streepje (in vrijheid) tot: <\/em> <em>Maandag <span style=\"color: #0000ff;\">2 oktober:<\/span> tweede aanhouding (pagina 23) &#8211; tot februari 1945 (zie <a href=\"https:\/\/www.antillia.be\/blog\/voorgeschiedenis\/sim\/1944-1947-chronologie-gevangenschap-interneringscentra-en-processen\/1944-1ste-internering-leuven-centraal\/celdagboek-2-1944-1945\/\" target=\"_blank\" rel=\"noopener noreferrer\"><span style=\"color: #0000ff;\">Celdagboek 2<\/span><\/a>)- (vanaf hier opnieuw aangekruiste dagen: boven 2 oktober:&#8221;Sim&#8221;, boven 4 oktober &#8220;Alb&#8221;: aanhouding van Sims broer Albert en 9 oktober: &#8220;Ad&#8221;: aanhouding van haar zus Adolphine (Finneke), zie pagina 29).<\/em> <em>Sim beschrijft deze dagen ook in het interview dat ik van haar afnam in 1993. Zie daarvoor de pagina &#8220;<a href=\"https:\/\/www.antillia.be\/blog\/voorgeschiedenis\/sim\/interview\/1942-1949-oorlogsjaren-bevrijding-repressie\/\" target=\"_blank\" rel=\"noopener noreferrer\"><span style=\"color: #0000ff;\">Oorlogsjaren en bevrijding<\/span><\/a>&#8220;.\u00a0<\/em><\/p>\r\n<p><strong>Dagboek 1<\/strong> Voorbeeld eerste pagina (met aftelkalender, aangekruiste dagen =\u00a0 gevangenschap) : <a href=\"https:\/\/www.antillia.be\/blog\/wp-content\/uploads\/2018\/09\/Sim_0001.jpg\"><img decoding=\"async\" class=\"size-medium wp-image-946 zoooom aligncenter\" src=\"https:\/\/www.antillia.be\/blog\/wp-content\/uploads\/2018\/09\/Sim_0001-237x300.jpg\" alt=\"\" width=\"237\" height=\"300\" srcset=\"https:\/\/www.antillia.be\/blog\/wp-content\/uploads\/2018\/09\/Sim_0001-237x300.jpg 237w, https:\/\/www.antillia.be\/blog\/wp-content\/uploads\/2018\/09\/Sim_0001-768x973.jpg 768w, https:\/\/www.antillia.be\/blog\/wp-content\/uploads\/2018\/09\/Sim_0001-808x1024.jpg 808w, https:\/\/www.antillia.be\/blog\/wp-content\/uploads\/2018\/09\/Sim_0001.jpg 1616w\" sizes=\"(max-width: 237px) 100vw, 237px\" \/><\/a><\/p>\r\n<p>(1) Septemberdagen 1944<br \/>(aftelkalender september, oktober, november) 23 augustus (=woensdag)<\/p>\r\n<p>Een zonnige augustusdag. In de luwte van de schoon-opbloeiende zomerdag maak ik mijn fiets klaar voor den frisschen tocht naar broer te Brussel. Zoo was het toch gezegd: trefpunt in \u201cMetiers\u201d <sup>(1)<\/sup>. Het werd heerlijk rijden. De baan scheen wel ruim zoo breed onder het goud-gele strepen licht. Een kalme baan in den zomerschen voormiddag. Boven mijn hoofd werden de vogeltjes dol verliefd zooals het altijd was geweest in Gods lieve natuur.<br \/>(2) Er liep een bekoring van droomerij in die versche lucht. Mijn sluike haren warrelden verloren rond mijn peinzend hoofd en met \u2019n tikje hijgen besteeg ik den korten maar steilen Pellenberg<sup>(2)<\/sup> \u2013 Leons serres<sup>(3)<\/sup> stonden te glanzen van het danige licht naast het helle bloemenvillake. Daar kwam ik boven vlugger zelf dan ik vermoeden kon, met dien deugdelijken ballast na mij. Roef de wind flapt dol rond mijn bonten strepenrok<sup>(34)<\/sup> , bergaf! Wel een gek figuur denk ik zoo in perspectief achter gezien. Door mijn blauwen witomranden bril tuur ik nu recht voor me \u2013 en beklaag de menschjes die in dit zonnetje naar boven moeten \u2013 Het leven is \u2019n raar spelletje bergop- bergaf en allen landen we eindelijk toch in veilige haven op het Hoogland of in \u2019t dal \u2013<br \/>(3) Leuven komt in zicht. Verloren torentjes heffen zich nog fier spijts de reuze bombardementen<sup>(4)<\/sup>. Zoo plots vliegt de klare zeepbel van mijn droomen in splinters fijn en freel maar weg is hij, weg\u2026 Uit een nevel van wazigen floers kom je voor me staan \u2013 Lies<sup>(5)<\/sup> \u2013 reeds drie maanden ben je weg<sup>(4,5)<\/sup>. Jij, \u00e9\u00e9n maand langer dan dit groote verlof 43 dat ons om \u2019n dom misverstand van mekaar gescheiden hield. Hoe warm klonk uw stem bij ons eerste ontmoeten: \u201cSim, Sim toch\u2026\u201dWaarom heb je weer dat kleine hoedje aan, met pels. Je weet ik zag dien niet zo heel graag\u2026 en je lacht lacht je tanden bloot ook dien eenen die er zoo nukkig tusschen zit.&#8221; Lies, je herinneringsbeeldjes heb ik laten afdrukken voor de school en m\u2019n tekst is ook al klaar. Weet je toch wat die oude Sim<br \/>(4) daar op neergeschreven heeft\u2026 In dezen donkeren tijd. De toekomst die we heerlijk schoon droomden viel met een ruk van me weg toen jij er niet meer was. Lies tusschen jou en mij spoedt den ouden tijd naar een nieuwen\u2026 het oorlogsgebeuren spint weer een rood net rond dat landeke en zijn volk, dat arm verloren geloopen volk. Er hangt zoo \u2019n vreemde weemoed boven mijn hart. Jij weet hoe eerlijk en schoon we samen droomden, voor een zedelijk hoogstaand volk. Op zoo \u2019n heerlijke Augustdagen togen er duizenden van zijn zonen naar de verre IJzervlakte<sup>(6)<\/sup> en beleden er den roem en den rouw van een volk. In hunne ooren weerklonken de laatste woorden na van Jozef Simon\u2019s<sup>(7)<\/sup> \u201cEer Vlaanderen vergaat\u201d krijgt het nog eens zijn kans \u2013 Een jong en kranig geslacht heeft een poging gedaan. Maar laksheid en verknechting heeft die sterke poging verbroken in<br \/>(5) tweestrijd. Waar we tot honderden jaren onder Fransche invloeden toch \u2019n zuiver elite van ons volk konden hooghouden, daar wisten we dat naast een paar jaren verduitsching dit volk elke kern van zelfbehoud aan dien nieuwen staat, zij het dan ook een broedervolk, hadde prijsgegeven. Waarom werden we belaagd en bespuwd\u2026 Wat zal er van ons geworden indien de lawine van alle standen op ons neerstort zonder onderscheid van stellingname in dit wervelnet van politieke organisaties? Een donkere tijd\u2026 ook voor degenen die het zoo goed voorhadden en den naamvijand willen verstaan en eerst na jaren terug zullen inzien \u2013 &#8211; Leuven, oude Dijlestad, &#8211; onder de stoere brug van het tot \u2019n ru\u00efne geslagen Blauwput<sup>(8)<\/sup>, hort m\u2019n fiets kwaaierig over de tramriggels \u2013 de Stationsstraat ligt bijna verlaten ik kijk met \u2019n nietszeggende blik over de puinhoopen want in mij groeit de idee altijd grooter van het onbegrijpen \u2013 Germa 85<sup>(9)<\/sup> roept me <br \/>(6) schoone herinneringen voor. Forum<sup>(9)<\/sup> geeft toch spijts alles zijn kinemavoorstellingen\u2026 schreeuwerige plakaten \u2013 \u2018k denk weer aan Lies en de voorbije winteravonden, Hasselt en onder de hanebalken tweemaal bellen en hoe we samen kinderlijk verheugd naar \u201cTanz mit den Kaiser\u201d<sup>(10)<\/sup> keken en niet begrepen dat het versche schoolwee zoo vlug was weggevaagd. Nu wip ik even bij De Craan<sup>(11)<\/sup> binnen, m\u2019n nieuw mantelpak! Ik lieg maar dat ik vrijdag passen kom zoo is hij stellig zaterdag klaar! Even bij Tante<sup>(12)<\/sup> ballast afwippen \u2013 Ze is niet thuis ach ja: \u201cMadame trotte en ville\u201d noemt men haar in de buurt. En nu ligt de baan voor me open. Brussel. Wie krijgt dit spelletje klaar zoo \u2019n formidabelen berg dat kan de beste wielrenner niet volhouden in zoo \u2019n augustusweerke \u2013 en geen auto om er frisch te blijven aanplakken \u2013 Maar na dit voettochtje laat ik me toch weer lekker rollen rollen zoodat de tweede helling in vaart reeds half bestegen is \u2013 De ijzeren berg is een <br \/>(7) wilde daling maar tusschen het heerlijke van dezen tocht denk ik even een paar jaren terug \u2013 36 Sim Heverlee en het plotse doodsbericht van Oom<sup>(13)<\/sup> doodelijk verongelukt. Ik zie de plaats<sup>(13)<\/sup> waar de boomen nu herplant zijn en den gevaarlijk hellenden kant\u2026 En de tocht gaat voort langs Winkxelen. Ik rijd gansch alleen vrij vrij een auto snort voorbij vlug vlug en verdwijnt \u2013 Ik stijg weer \u2013 \u2019n dik heerschap rond met \u2019n glinsterend lachenden knikkebol permitteert zijn rappe beentjes en tingelingt me voorbij gevolgd door \u2019n lange magere juffer nee dit volg ik niet en \u2018k vertraag maar dan. \u2018k Heb zoo graag m\u2019n vrij zicht, zie je \u2013 Cortenberg \u2019n militaire beweging onder de schaduw der boomen staan ze geparkeerd gecamoufleerd\u2026 oorlog\u2026 \u2018k Fiets twee Fritsjes<sup>(14)<\/sup> voorbij\u2026 en wip bij tante Fine binnen. Maar niet vergeten: \u2018k moet te 1u te Brussel frisch en fijn verschijnen kwestie van \u2019n revanche! <br \/>(8) Maar te Zaventem staat me dien langen berg te wachten\u2026 daar stijg ik af en d\u2019n \u201cdikken\u201d meneer en zijn magere eega kunnen ook niet meer. Evere \u2013 \u2018k weet niet hier voel ik me amper gerust kwestie bombardementen. De Duitsche jachtvliegtuigen liggen startklaar\u2026 \u2018k fiets snel en rep m\u2019n bruingebrande beenen maar m\u2019n lichten zonnerok speelt me immer zij\u00a0 fratsen \u2013 De lange laan naar het Terkamerenbosch ligt heerlijk beschaduwd maar heet sjonge heet dat het is heet. Aan \u2019n klein restaurantje moet ik even drinken en \u2019t is al 1 uur. Bestoft en hongerig kwam ik aan \u2013 verfrischt en monter stapte ik juist op \u2019n vertrekkend 4tje<sup>(15)<\/sup> en\u2026 niemand metiers- \u2019n uurtje wachtte ik op \u2019n tram voor Berts bureau vergeefs. Georgette\u2019s telegram zou ik ook versturen \u2013 Mr De Bisschop en Rubens lichten me in over Berts reis. Dan maar weer <br \/>(9) naar huis en Bert verwacht. <br \/>(=24 augustus, donderdag) <br \/>\u2019s Anderendaags breng ik met Broer lief door<sup>(34)<\/sup> . \u2019n Diner die alle maagkrampen doet verdwijnen en we zien \u2019n plezierige vertooning \u201cAbenteur im Grand Hotel\u201d \u2013 Hans Moser \u2013 Wollf Albach Retty \u2013 Maria Anderganst \u2013<sup>(16)<\/sup> De Actualiteiten brengen het oorlogsgebeuren nader. In Letland worden de Nationalisten door de oprukkende Russen danig mishandeld. Een vaag gevoel van onrust voor \u2019n mogelijk noodlot dreigt zoo rond me, \u2018k weet niet, het maakt me wee\u00ebrig ongelukkig. Bert zit stil naast me in de Rotisserie. Er is een opmerkelijke beweging te Brussel. De troepen uit Frankrijk trekken Noordwaarts. Men spreekt van den nakenden Engelschen inval \u2013 De Maquis bezetten de straten van Parijs\u2026 We voelen het verre het langverwachte komen \u2013 komen\u2026 \u2019s Avonds valt de zekerheid plots over mij en \u2018k weet hoe eerlijk en oprecht onze strijd was hoe we voor iedereen <br \/>(10) vrij en frank ons kunnen verantwoorden. Hoe we gestreden hebben tegen die langzame ondermijning door buiten grensche krachten. Ik heb voor mijn volk gedaan wat ik kon \u2013 dat de dagen komen. \u201cUnd da wir sterben m\u00fc\u00dfen sollen wir tapfer sein \u2013 Man kann n\u00fcr einmal im Leben sein Gep\u00e4ck verlieren\u2026\u201c<sup>(17)<\/sup> De nacht is koel en blikt vol sterren, dat is de geheimenis die hangt boven mij ondoorgrondelijk. Ik hoor al de geluiden van dezen nacht en elk geluid is als een echo van iets dat langzaam voorbijgaat naar het tijdelooze. Heverlee kommerloozen tijd<sup>(18)<\/sup> van vluchtige en sereene stonden van wee en kindergeluk \u2013 oorlogsdagen \u2013 Novemberdagen 40. Ernst en een diep geluk en dan de lange vergleden dagen en het ruischen van die eene woorden \u201cEs war einmahl so begann <br \/>(11) ein M\u00e4rchen\u201d<sup>(19)<\/sup> Hasselt en Toon &#8211; en Lies en de lange eenzame treinritten vrijdagavond kinderlijk blij en zondagavond als er weemoed hing voor het duistere treinraampje \u2013 Lies met je klare oogen wijkt niet van me Lies\u2026 Vrijdag 25<sup>n<\/sup> augustus rijd ik terug naar huis de laatste vrije rit. Te Cortenberg bezoek ik even tante Kerkstraat 25 en fiets traag naar huis \u2013 Een vreemde stemming heerscht over de dagen. Bert komt \u2019s zondags naar huis zijn laatste keer voor hoelang? <br \/>Maandag 28<sup>n<\/sup> <br \/>vertrek naar Hasselt in \u2019n minimum van tijd 5 kwartiers. Aanhoudend trekt het Duitsche leger af. De Hasseltsche Kommandatur moet in twee dagen vertrekken. \u2019s Avonds laatste tram terug naar huis. <br \/>Woensdag tot Donderdag &#8211;\u00a0 terug\u2026 <br \/><em>(nvdr 1 september 1944)<\/em> Vrijdagvoormiddag eerste mitraillade op Winge \u2013 Er grijpt me \u2019n vreemde ontroering <br \/>(12) aan. Ook \u2019s Zaterdags wordt de baan Leuven-Diest onder vuur genomen. Ik rijd naar Leuven met m\u2019n meest geliefde boeken \u2013 \u2019s Avonds staan de bizonderste zaken ingepakt. Rubens helpt dezen avond doorbrengen. Zondags bracht me \u2019n laatsten keer naar de eigene dorpskerk in deze vreemde stemming. Er hingen regendroppels als dikke warme tranen aan de vensterruiten \u2013 Het wijde land dronk den stroelenden septemberregen. Rubens en ik met 1 fiets naar Leuven, \u2019t werd een natte reis maar dezen keer zouden we wellicht geen Tommy\u2019s<sup>(14)<\/sup> boven ons voelen cirkelen. Mijn nieuwen mantel berg ik maar liefst bij Matant \u2013 Zondagnamiddag brengt een laatste inkwartiering\u2026 <br \/><em>(nvdr maandag 4 september 1944)<br \/><\/em>In den vroegen Maandagmorgen wordt de vlucht naar Motbroek<sup>(20)<\/sup> ingesteld <br \/>(13) De menschen meenen het goed maar \u2019t valt hard. In de oude straat (Hoek) houden we, Pa en ik, ons stevig aan mekaar een helse mitraillade breekt los over ons en tegen den middag pas keeren we terug. De stemming drukt drukt. Maandagnacht doe ik waakdienst. Make ligt naast me, in den morgen word ik opgeschrikt door luide jubelkreten. Een reuzegroote driekleur verschijnt om den hoek. Ik sluit even de oogen een heele wereld stort voor me neer al den schoonen Vlaamschen leeuwenstrijd hebben we verloren \u2013 Staan we terug aan de geboorte van den nieuwen staat met de oude veten en verwoed en bittere kampen tusschen twee volkeren die reeds honderd jaren samen werden gezet in de ruimte van dit land aan de lage zee? En alle offers onzer jonge helden niets niets \u2013 Wij kapituleeren niet. De menschen gaan in \u2018n zondagse stemming naar het dorp kwestie van \u2019n hartelijk onthaal. <br \/>(14) Een regenboog zet op en koelt de ijverige geestdrift. De moto\u2019s der WB en P.\u00a0snorren voorbij. <br \/><em>(nvdr dinsdag 5 september)<\/em> <br \/>9uur Duitsche pantsertroepen trekken nog af, helden van \u2019n nakende dood! Onze eigene dorpsjongens kijken ons met verdwaasde ogen aan hun gordelriemen vol handgranaten en de geweeren schietensgereed. Ons volk \u2013 ja toch ons volk dat ons nooit begreep \u2013 Sommigen onder hen hoorden voor \u2019n paar maanden nog bij ons maar hadden niet idealistisch gerekend en scholen zich liever valsch dan eerlijk te blijven spijts alles. Dinsdagavond spreidt warme roode kleuren over het wijde land maar het is koud op m\u2019n verwoest kamertje \u2013 en ik mag niet denken \u2013 Er worden haatplannen gesmeed dezen nacht ik vermoed het rond en boven mij en langs het raam warrelen dronken stemmen naar omhoog, in de schemering zie ik de bonte rode hamer en sikkelvlag \u2013 communisme op de ontreddering van dezen tijd. God die hoog boven de sterren staart naar dit arme volk kunnen we nog blijde zijn en hopen nog op een schooner toekomstdagen. De nacht vult m\u2019n ijl hoofd met de <br \/>(15) klokketonen en de morgen komt traag en aarzelend over den dag dien ik nooit vergeten zal.<\/p>\r\n<hr \/>\r\n<p><em>nvdr: Het was de &#8220;<a href=\"https:\/\/nl.wikipedia.org\/wiki\/Prinses_Irene_Brigade\" target=\"_blank\" rel=\"noopener noreferrer nofollow\"><span style=\"color: #0000ff;\">Koninklijke Nederlandse Brigade &#8216;Prinses Irene<\/span><\/a>&#8216; (onderdeel van het <a href=\"https:\/\/en.wikipedia.org\/wiki\/Second_Army_(United_Kingdom)#Belgium_and_the_Netherlands\" target=\"_blank\" rel=\"noopener noreferrer nofollow\"><span style=\"color: #0000ff;\">Tweede Britse Leger<\/span><\/a>) die Sint-Joris-Winge bevrijdde. Op 6 september 1944 viel deze brigade aldaar (Leuvensesteenweg ter hoogte van kruising met Doelstraat en Tweevijverstraat) in een hinderlaag en werd zwaar onder vuur genomen (3 doden). Zie de uitgebreide beschrijving met links naar ooggetuigenverslagen op <a href=\"http:\/\/www.prinsesirenebrigade.nl\/gevechten-bij-st.-joris-winge.html\" target=\"_blank\" rel=\"noopener noreferrer nofollow\"><span style=\"color: #0000ff;\">deze site<\/span><\/a>.<\/em> <a href=\"https:\/\/www.antillia.be\/blog\/wp-content\/uploads\/2019\/04\/BPI-1.jpg\"><img decoding=\"async\" class=\"alignnone size-full wp-image-5318\" src=\"https:\/\/www.antillia.be\/blog\/wp-content\/uploads\/2019\/04\/BPI-1.jpg\" alt=\"\" width=\"1708\" height=\"816\" \/><\/a><\/p>\r\n<hr \/>\r\n<p>Woensdag 6 september.<a id=\"Meiske\" style=\"font-size: 1rem;\"><\/a><br \/><span style=\"font-size: 1rem;\">I<\/span><span style=\"font-size: 1rem;\">n groepjes gewapend trekken ze uit en eischen tol voor de weggesleepten van voor eenige dagen. Maar hun tol is zwaar want niemand wordt ontzien. Ik wil de eerste zijn al ben ik ook de jongste \u2018k zal niet falen. Door dit kleine dorp waar zoveel me bindt aan mijn eigen jonge leven zal ik gaan en de honderden blikken trotseeren \u2013 Ik wist niet dat er zo\u2019n haat bestond \u2013 Hoe kon ik je afschilderen in een zonnigen middag maar ik voelde <\/span><a id=\"Meiske\" style=\"font-size: 1rem;\"><\/a><span style=\"font-size: 1rem;\">hem uit iederen blik komend der menschen waarmee ik jaren had geleefd. Moeders sterke woorden trilden nog na: \u201c<\/span><span style=\"color: #0000ff;\"><em>Kind wees fier en blijft wat ge zijt<\/em><\/span><span style=\"font-size: 1rem;\">\u201d\u00a0<\/span><sup>(35)<\/sup><span style=\"font-size: 1rem;\">.) Tusschen de mensen van ons geloof zou ik uren zitten en elk leed aan het mijne meten. Tot <\/span><a id=\"Aanhouding\" style=\"font-size: 1rem;\"><\/a><span style=\"font-size: 1rem;\">de camion ons langs de lange asfaltbaan naar Leuven voerde. De Tiensche straat kon het volk amper slikken. Wij de verdachten gaan voort langs hun haat en hun felle slagen <\/span><br style=\"font-size: 1rem;\" \/><span style=\"font-size: 1rem;\">(16) de armen omhoog. Dat was het communisme in beeld. In de zaal herken ik veler onzer menschen naast de anderen uitschot van lage instincten. Het slaat me om \u2018t hart onze biddende menschen naast de avondvrouwen geschminkt en rookend. <\/span><sup>(33)<\/sup><span style=\"font-size: 1rem;\"> Dat wordt ons volk \u2013 Vier dagen zal ik daar verblijven tot ik na een onderhoor in voorlopige vrijheid wordt gesteld. Procureur of Onderzoeksrechter (?) Smeets monstert me bij m\u2019n binnenkomst. &#8211; Wie zijt ge? (hij neemt m\u2019n pas en we zeggen haast gelijktijdig) Simone Wolfs &#8211; Waarom werdt gij aangehouden? &#8211; Waarschijnlijk omdat ik lid ben van het VNV. &#8211; Wie heeft u aangehouden? &#8211; Een kerel in dronken toestand (naderhand weet ik hoe hij heet en dat hij voor den oorlog nog 2 jaar gevangenisstraf uit te boeten had Belgisch gerecht!) &#8211; Maar wat is dan eigenlijk het V.N.V.? &#8211; Mijnheer ik hoop dat de personen <\/span><br style=\"font-size: 1rem;\" \/><span style=\"font-size: 1rem;\">(17) die meenen bevoegd te zijn onze menschen op deze oogenblikken te ondervragen en te oordelen toch alleszins hoeven te weten wat het VNV is en wat het doel en het plan is van deze beweging. Dat zij hoeven te weten welke bewegingen van nevenorganisaties er gedurende de bezetting tot stand gekomen zijn die de smartelijkste gevolgen hebben gehad op onze zuiverste doelstellingen. Ik bedoel De Vlag, Rex, SS. &#8211; Waar is uw leider? -Mijnheer, onze leider Dr. Elias komt voor, maar nu niet in den chaos van dezen tijd, waarin de krachten werken waartegen gij zelf niets vermoogt. Jammer genoeg. Hij Dr. Elias kon zich niet zoo gelijk een hond laten afmaken voor hij zijn eigene zaak en de zaak voor zijn volk heeft te bepleiten. &#8211; Maar ge moet toch toegeven dat het VNV pro Duitsche propaganda heeft gemaakt en met den vijand meewerkte. &#8211; Er komt een tijd dat er breedvoerig over deze vraagstukken zal gehandeld worden. Maar mijnheer indien gij <\/span><br style=\"font-size: 1rem;\" \/><span style=\"font-size: 1rem;\">(18) onze politiek hebt gevolgd gedurende de bezetting weet ge hoe groot de wrijving was \u2013 opdat we de gaafheid van ons volk wilden bewaren. Daar we zelf wel wisten dat indien na een honderd jarige fransche invloed toch nog een elitekern in dit volk werd gevonden van echte Vlaamsche volksheid er na 25 jarige Duitsche overheersing het schoonste eigene van onze cultuur en taal er aan verloren zou gaan. Dan zouden onze kinderen en kleinkinderen hun taal niet meer spreken. Mijnheer, dat wisten wij \u2013 Wij hebben ons doel behouden, en ons het woord van <\/span><a style=\"font-size: 1rem;\" href=\"https:\/\/www.antillia.be\/blog\/wp-content\/uploads\/2024\/04\/Callewaert.pdf\" target=\"_blank\" rel=\"noopener noreferrer\"><span style=\"color: #0000ff;\">P. Callewaert<\/span><\/a><span style=\"font-size: 1rem;\">: \u201cDe Vlaamsche zaak is zoo rechtvaardig, dat indien we ze door den duivel moesten halen, we ze zouden moeten aannemen\u201d. &#8211; Gij zijt regentes \u2013 Hebt ge in uw functie als dusdanig propaganda gemaakt? &#8211; Neen. Getuigen zijn legio. De heer Smeets tekent mijn voorlopige invrijheidsstelling en monkelt als wou hij zeggen en hij zegt het ook effectief: &#8211; \u201cDat ideaal!\u201d <\/span><br style=\"font-size: 1rem;\" \/><span style=\"font-size: 1rem;\">(19) Ik protesteer en zeg dat ik mij niet wil laten beledigen wijl ik mijn invrijheidsstelling bekom. &#8211; O (zegt hij) Ge kunt gerust hier blijven en voor uw Vlaanderen lijden. Ik wil op zoo \u2019n boosaardigheid niet meer antwoorden. Hij heeft een correct uiterlijk, jong, Germaansch blond \u2013 en ik beklaag hem omdat hij zoo voor ons volk verloren kijkt \u2026 (arrivisme) (Ach vor der Dumheit der anderen nicht kapitulieren) <\/span><br style=\"font-size: 1rem;\" \/><em style=\"font-size: 1rem;\">(nvdr zaterdag 3 september)<\/em> <br style=\"font-size: 1rem;\" \/><span style=\"font-size: 1rem;\">Zaterdagnamiddag begleidt me \u2018n fiks piepjong soldaatje naar Winge het is hoogtijd voor Pa en Phineke die me zo starling aankijken, Ma is gisterenavond aangehouden en naar Tienen gebracht. Zondag brengt me \u2018n troostende verversching en vol betrouwen zet ik mij aan de schikking van het huis. Rubens komt om nieuws en \u2019t brengt een danige afwisseling. Brussel stelt ons gerust. 12 Sept.: <\/span><br style=\"font-size: 1rem;\" \/><span style=\"font-size: 1rem;\">naar Tienen. Achter dien hoogen kazernemuur zit Make gevangen. Kon ik er maar zijn in haar lieve plaats. Maar zij is zoo sterk en kranig en dat troost ons dan. De week brengt ons berichten allerlei. <\/span><br style=\"font-size: 1rem;\" \/><span style=\"font-size: 1rem;\">(20) De aanhoudingen duren voort en niets gaat verloren onder de plunderende handen. <\/span><br style=\"font-size: 1rem;\" \/><span style=\"font-size: 1rem;\">Vrijdag. Adolphine naar Brussel. Trouwbezoek van Charel en Jenny. Lode Zondag 17. <\/span><br style=\"font-size: 1rem;\" \/><span style=\"font-size: 1rem;\">410 vliegtuigen ronken boven onze hoofden Oostwaarts. Ma is gisteren naar Leuven overgebracht. We hopen en verwachten haar nu in een paar dagen. Yvonne en Oom komen op bezoek tot dinsdag. Yvonne zal met nieuws komen van M<\/span><sup>r<\/sup><span style=\"font-size: 1rem;\"> Delfosse. <\/span><br style=\"font-size: 1rem;\" \/><span style=\"font-size: 1rem;\">19 Sept. Ondervraging door de Rijkswacht <\/span><br style=\"font-size: 1rem;\" \/><span style=\"font-size: 1rem;\">22 Sept. Yvonne komt Geen uitkomst <\/span><br style=\"font-size: 1rem;\" \/><span style=\"font-size: 1rem;\">Zaterdag 23 in den plassenden regen naar Houwaert Fran\u00e7ois en \u2019s middags na het bezoek van M<\/span><sup>r<\/sup><span style=\"font-size: 1rem;\"> Pastoor naar Brussel.\u00a0 The Tommy\u2019s are very gentlemen! Zaterdagavond bij Mia. Metiers? er is een stemming die men nooit vergeet en dat is deze waarin alles totaal voor ons verloren schijnt. <\/span><br style=\"font-size: 1rem;\" \/><span style=\"font-size: 1rem;\">(21) Zondagavond wacht ik in den donkren druilenden regen naar het hortende stoomtrammetje. Vele camions rijden trage door den glimmenden schijn\u2026 honderden banale straatliedjes ruischen door den regen een melodie van wee en \u2018k voel hoe alles wat eens m\u2019n te teer hart te gevoelig maakt zich opeenstapelen tot \u201ceen boom van groot verdriet\u201d<\/span><sup>(21)<\/sup><span style=\"font-size: 1rem;\">. \u2019s Avonds vind ik Pa en Adolphine bij de kachel echt gezellig maar ons dapper Moederke is er niet nog altijd niet. <\/span><br style=\"font-size: 1rem;\" \/><span style=\"font-size: 1rem;\">Woensdag 27 <\/span><br style=\"font-size: 1rem;\" \/><span style=\"font-size: 1rem;\">Yvonne en Mia komen en vertrekken <\/span><br style=\"font-size: 1rem;\" \/><span style=\"font-size: 1rem;\">Donderdagmiddag In den vroegen avond bellen de Partizanen op en willen 3 bedden \u2013 slaapgelegenheid. Ze komen vrijdagavond \u2013 <\/span><br style=\"font-size: 1rem;\" \/><span style=\"font-size: 1rem;\">zaterdagnamiddag. Er is inkwartiering. M.P. in de school. <\/span><br style=\"font-size: 1rem;\" \/><span style=\"font-size: 1rem;\">Zondag 1 Oct. <\/span><br style=\"font-size: 1rem;\" \/><span style=\"font-size: 1rem;\">Breng ik voor m\u2019n uitkijkraam door en Alice Own Book<\/span><sup>(22)<\/sup><span style=\"font-size: 1rem;\"> volgt me. Jenny komt niet misschien zal het morgen zijn dan heb ik nieuws uit Hasselt en weet ik wat me te doen staat. Maar en hier begint de tweede episode uit<\/span><br style=\"font-size: 1rem;\" \/><br style=\"font-size: 1rem;\" \/><span style=\"font-size: 1rem;\">(22) <\/span><em style=\"font-size: 1rem;\"><strong>Een donkere tijd: Octoberdagen 44<br \/><\/strong><\/em> <br style=\"font-size: 1rem;\" \/><span style=\"font-size: 1rem;\">Ik hou van de zware weemoedverzen van Karel Vande Woestijne en immer dreunt me in de herfstdagen, als de regen druilend langs mijn raamkozijn strijkt, zijn vers na: \u201c \u2019t Is triestig dat het regent in den herfst\u201d<\/span><sup>(23)<\/sup><span style=\"font-size: 1rem;\"> Het is October \u2013 ik trek mijn morgenraam open naar den Westkant en het oude huis tekent een lange zwarte schaduw op den versch geploegden akker voor het breede land. Het paard loopt er strak in de voren en snuift en mengt zijn warmen adem met de dampende klonten die vettig onder de ploeg begeven \u2013 Ik sta voor m\u2019n raam. Ik heb Pa zien vertrekken langs den veldweg er trekt wel een diepere groef langs zijn gezicht, Ja die laatste dagen waren doodend. Zijn omzwachtelde hand doet me immer zelf pijn \u2013 Ik hoor Adolphine de trap opkomen, die roept me zeker op \u2013 want \u2019t is waschdag \u2013 Ze lacht omdat ik vroeg ben vandaag, kom dan loopen we maar samen den trap af in peignoir<\/span><sup>(24)<\/sup><span style=\"font-size: 1rem;\"> ik en dan zoo \u2019n flink ontbijt <\/span><br style=\"font-size: 1rem;\" \/><span style=\"font-size: 1rem;\">(23) dat vind ik nu altijd zoo gezellig. Maar \u2019t duurt nooit lang m\u2019n morgenontbijt. In \u2019n wip schiet ik naar boven, \u2018k wasch me en kijk bij het gebel m\u2019n venster uit. Daar schiet iets door me \u2013 twee rijkswachters \u2013 Ja dat is voor me \u2013 Adolphine roept me iets of wat bleek en ik maak me klaar<\/span><sup>(32)<\/sup><span style=\"font-size: 1rem;\"> . \u2019n Kwartier later rijd ik fijn in \u2019n zachtbruine limousine langs den stralenden weg naar Leuven toe \u2013 naar de gevangenis deze keer Zonder vorm van proces zonder onderhoor zitten we hier en wachten wachten reeds<\/span><span style=\"font-size: 13.3333px;\">.<\/span><span style=\"font-size: 1rem;\"> Naast mij zit \u2019n heer dien ik in den loop van den dag beter leer kennen: M<\/span><sup>r<\/sup><span style=\"font-size: 1rem;\"> Nijs controleur? oud vliegenier. \u2018k Interesseer me nu eigenlijk reuze voor vliegeniers en we babbelen samen, in de ongezellige wachtkamer van die kazerne, al de uren dood\u2026 We kijken naar het binnenkoertje een recht? fonteintje kan maar geen hoogte nemen \u2013 daarnaast tusschen de steenen een stok en \u2019n triestig vermaak \u2019n Duitschen helm prijkt er tot jolijt van onze bewakers gekroond \u2013 Ik denk aan die houten kruisjes lijk er zoovelen staan over de vlakten nu <\/span><br style=\"font-size: 1rem;\" \/><span style=\"font-size: 1rem;\">(24) \u2018k Denk ach nee niet alleen aan onze jongens ik kijk ruim naar den dood van den frontsoldaat die ligt met de getuigenis van zijn mensch en zijn soldaatzijn in den goeden schoot. Ik denk aan al de jongens die ik zelf ooit kende en een onzeggelijke weemoed komt over mij. Het kan 6 uur zijn en met 5 andere vrouwen gaan we den tocht naar de Centrale gevangenis, de haat der menschen glijdt over ons heen\u2026 De formaliteiten zijn vervuld. Met vijf vind ik me weer in een enge donkere cel 333! \u2018k Herken de afbeelding in Borms\u2019 gedenkboek: \u201cTien jaar in den Belgischen kerker\u201d<\/span><sup>(25)<\/sup><span style=\"font-size: 1rem;\">. Ik weet dat Ma hier is maar waar. We zijn beschouwd als \u2019n uitschot de bevelen worden afgesnauwd. We zijn geen menschen we moeten samenhokken in deze enge ruimte. Men spreekt ons aan met Gestapo en Breendonk<\/span><sup>(26)<\/sup><span style=\"font-size: 1rem;\"> . Er zijn kinderen nog daarbij. Ik krijg als laat binnengekomene een extra portie halfrauwe aardappelen en kool. <\/span><br style=\"font-size: 1rem;\" \/><span style=\"font-size: 1rem;\">(25) Ik kan niets verorberen. Mijn medekameraadskes bekijken me meewarig en ik kijk onderzoekend m\u2019n cel rond \u2013 stroozakken op mekaar ja dat is wellicht onze slaapgelegenheid \u2013 een hekken en daarachter een stel potten. WC gelegenheid voor vijf vrouwen! een waschkom voor de reiniging \u00e9n van personen \u00e9n van het eetgerei een kom en een lepel \u2013 geen boeken geen tijdverdrijf niets als wandeling -we zijn de gevaarlijken van den staat. De inhechtenisname wordt op ruim een half millioen geschat. Vlaanderen \u2013 Vlaanderen dat alles om die enkele onwaardige zonen die hun volk verraden maar die toch de straf die ons beschoren is nooit zullen ondergaan. Maar wij zijn fier omdat we eerlijk zullen kunnen getuigen. Wie kan mij wijzen op een verraad? Zonder vorm van proces zonder onderhoor zitten we hier en wachten wachten reeds <\/span><br style=\"font-size: 1rem;\" \/><span style=\"font-size: 1rem;\">(26) weken. We zijn zonder nieuws van onze geliefden van huis. De eerste nacht brengt me geen rust. De <\/span><em style=\"font-size: 1rem;\">(rest van deze bladzijde leeg)<\/em> <br style=\"font-size: 1rem;\" \/><span style=\"font-size: 1rem;\">(27) <\/span><strong style=\"font-size: 1rem;\"><em>(ander geschrift)<\/em><\/strong> <br style=\"font-size: 1rem;\" \/><span style=\"font-size: 1rem;\">De morgen gluurt aarzelend onder de verduistering. Ik hap wat versche lucht hartelijk welkom want de verdachte geuren achter dit treurige hekkenmaken me gek. 7u. Als we niet oogenblikkelijk klaar zijn moeten we zoo het brood ontberen. Het luikje gaat open een broodje en een vierde wordt binnengeduwd en \u2019n koffiegamel. Liefst niet rieken en dan zoo maar drinken op dit zwarte brood zijn we gieriger dat is voor \u2019n ganschen dag we trekken het zoo maar stuk en eten traag en zijn wondersnel verzadigd. We droomen op het divanke of in ons deken gewikkeld op den stoel. We maken kennis met mekaar de tijd duurt zoo lang anders. En we wachten wachten. De wandeling wordt streng bewaakt na mekaar stappen we naar de gesloten ruimte we zien met veel geluk de nevenburen maar geen teekens geen wenken alleen een bemoedigenden glimlach en \u2019n sluiks oogknipje <\/span><br style=\"font-size: 1rem;\" \/><span style=\"font-size: 1rem;\">(28) Onze menschen houden zich flink zelf de moeders die hunne kinderen achterlieten en de anderen die zich buigen over het andere ontwakende leven hun celkindeke. Maar voor iedereen blijft de tucht een streng gebod. Geen eten van thuis niets als het noodzakelijke linnen. Maar hoe raar wordt het voor sommigen aangebracht. Vrouwen zitten hier beroofd van have en goed. Niemand kijkt naar hen om\u2026 We troosten ons in haar toestand. 12u. krijgen we soep \u2013 meestal aangebrand een dikke brij met \u2019n verdacht geurtje. We denken ons in of we toch soms bij vergissing geen moord hadden bedreven. En de uren verglijden traag traag \u2013 het stukje hemel uit het kleine raampjemaakt ons weemoedig. Want de zonneschijn lokt ons buiten voor de heerlijke herfst \u2013 wandelingen in de triestige regen maakt hier alles zoo somber droef. Zondag brengt afwisseling \u2019n mis <\/span><br style=\"font-size: 1rem;\" \/><span style=\"font-size: 1rem;\">(29) maar we worden sekuur opgesloten geen contact met iemand daar staat strenge straf op als het nog straffer kan, voor mij met 9 dagen brood! <\/span><br style=\"font-size: 1rem;\" \/><strong style=\"font-size: 1rem;\"><em>(ander geschrift eindigt hier)<\/em><\/strong> <br style=\"font-size: 1rem;\" \/><span style=\"font-size: 1rem;\">De dagelijksche wandeling brengt ons naamberichten. Allerlei bekende namen werden gegrift in de stenen \u2013 Onze menschen houden zich kloek. Van Ma geen spoor. <\/span><br style=\"font-size: 1rem;\" \/><span style=\"font-size: 1rem;\">\u2019s Zaterdags 7 krijg ik \u2019n pak. Adolphine zorgt flink voor me. De dagen verglijden traag naar dien droeve vrijdag 13<\/span><sup>n<\/sup><span style=\"font-size: 1rem;\"> \u2013 \u2018k Verneem dat Adolphine zelf reeds een paar dagen werd aangehouden en dat wij ook uitgeleverd werden aan den plunderingsgeest. \u2018k Voel opeens m\u2019n schoonen droom verzwinden en \u2018k durf niet denken denken. Boven m\u2019n wee om al de geliefde zaken in \u2019t oude schemerhuis staat Pake\u2019s zieke treurbeeld. Hoe moet z\u2019n zwakke hart reageeren op die onmenschelijkheid. Ik wist niet dat ik zoo lijden kon \u2013 en zoo machteloos zit ik hier, ik moet <\/span><br style=\"font-size: 1rem;\" \/><span style=\"font-size: 1rem;\">(30) denken aan al die lieve wezens. Waar is Pa en wat denken Ma en Adolphine? Is Bert aangehouden en wie sleurt er ons oude vertrouwde zaken weg? Droombeelden vervolgen me \u201co ritme van den pijn\u201d\u00a0<\/span><sup>(31)<\/sup><span style=\"font-size: 1rem;\"> .\u00a0 Het zindert over me met korte vlagen en de dagen gaan langzaam. Ik kan niet meer niet meer\u2026 Zondag 15<\/span><sup>n<\/sup><span style=\"font-size: 1rem;\"> zie ik Adolphine\u2019s bleek gezichtje tusschen de anderen in de kleine kapelvleugel, bemoedigend knikt ze me toe, en ze lijkt me sterk, sterker dan ik dacht ik als ik het goed voor heb antwoordt ze op m\u2019n vraag Waar is Pa? \u2013 thuis \u2013 o God mocht het waar zijn \u2013 Ik kreeg een pak linnengoed Yvonne schreef de adres. Duizenden idee\u00ebn suizen door m\u2019n hoofd \u2013 Ik word iets verlicht. Ik heb Make\u2019s sekuure hand \u201cNathalie Crabb\u00e9\u201d op het pr\u00e9aumuurtje ontdekt en ik schrijf \u201cSim\u201d er raak boven op. Zou ze het <\/span><br style=\"font-size: 1rem;\" \/><span style=\"font-size: 1rem;\">(31) zien? Maandagmorgen gaan we naar \u2019n Requiem mis. Ik zie weer Adolphine\u2019s hoofd eventjes boven de staketsels bleek en treurig lachend. Er heerscht een wee\u00ebn stemming over den vleugel. Het orgel ruischt requiem en ik voel al de harten onzer sterke vrouwen. Oude moederkes onzer gevallen helden die niet zijn teruggedeinsd voor hun hoogste offer \u2013 \u201cGeen een heeft het hoofd voor den kogel gebukt\u201d<\/span><sup>(27)<\/sup><span style=\"font-size: 1rem;\"> Ik zie al de houten kruisjes in de wijde vlakte \u2013 en hier wordt het offer voortgezet de moederkes weenen om hun doode kinderen, om al de geliefden die uiteengerukt zijn in dezen donkeren tijd. \u201cDona eis requiem\u201d het klinkt als een klacht door den vleugel langs de koude muren het ruischt na in onze harten en we prevelen bevend: Mijn God schenkt al onze dooden een schoone rust en geef ook de <\/span><br style=\"font-size: 1rem;\" \/><span style=\"font-size: 1rem;\">(32) rust aan ons arm volk dat geen uitkomst meer ziet en zijn bloedigste bladzijde teekent in het boek der eeuwigheid. Adolphine kijkt droef en ik meen te vernemen dat Pa op Tiensche straat in hechtenis werd genomen \u2013 Het wordt me te machtig in de enge cel de Octoberregen maakt het rillig koud \u2013 Ik mag niet denken Pake toch\u2026 De namiddag wijd ik aan mijn droeve herinneringen. <\/span><a id=\"Geluk\" style=\"font-size: 1rem;\"><\/a><span style=\"font-size: 1rem;\">\u2019n Troostelooze avond en een blanke nacht. <\/span><br style=\"font-size: 1rem;\" \/><span style=\"font-size: 1rem;\">Dinsdag 17<\/span><sup>n<\/sup><span style=\"font-size: 1rem;\"> October <\/span><br style=\"font-size: 1rem;\" \/><a id=\"Teder\" style=\"font-size: 1rem;\"><\/a><span style=\"font-size: 1rem;\">Een kleine lichtstraal brengt de minste hoop heel lang kan men ons niet meer houden. Toekomende week mogen wij wellicht rantsoen van thuis bekomen maar hoe zal het er thuis uitzien? \u201cGeluk geluk een teeder ding, veel brozer dan herinnering\u201d zoo schreef Z<\/span><sup>r<\/sup><span style=\"font-size: 1rem;\"> G\u00e9rardine onder \u2019n jeugdopstel\u00a0<\/span><sup>(30)<\/sup><span style=\"font-size: 1rem;\"> . Hoe heb ik uren uren aan die <\/span><br style=\"font-size: 1rem;\" \/><span style=\"font-size: 1rem;\">(33) stonden van Heverlee gedacht. Ik droom me terug in die studiedagen onbezonnen blije jeugd. M<\/span><sup>w<\/sup><span style=\"font-size: 1rem;\">. Pinte zag ik reeds \u2019n paar malen flink en bemoedigend. Ik wist niet dat we zoo veel schoone menschen in ons arm volk hebben weergevonden, want zij die de cultuur van ons volk droegen. Verschaeve, Streuvels, Timmermans, de Pillecyn, Servaes en Meulemans. Vercknocke en Simons&#8230; Moens, Daels en al de vele anderen te veel om te noemen. <\/span><sup>(28)<\/sup><span style=\"font-size: 1rem;\">Ze stonden allen in onze rijen. Wij hebben niet gefaald en belijden onze trouw. \u201cKomt straks de harde strijd wij zijn bereid!\u201d<\/span><sup>(29)<\/sup> <br style=\"font-size: 1rem;\" \/><span style=\"font-size: 1rem;\">12u. Adolphine zie ik van ver wellicht voor \u2019t onderhoor ze lacht en wenkt. Henriette Roland Holst\u00a0 <\/span><sup>(29bis)<\/sup><span style=\"font-size: 1rem;\">\u00a0vers komt me immer weder over de lippen: \u201cOntgoocheling We zijn de bouwers van den tempel niet Wij zijn alleen de sjouwers van de steenen\u2026\u201d<\/span><br style=\"font-size: 1rem;\" \/><br style=\"font-size: 1rem;\" \/><span style=\"font-size: 1rem;\">(34) I <\/span><u style=\"font-size: 1rem;\">Voor de versleepten van ons volk<\/u> <em style=\"font-size: 1rem;\">(onafgewerkt) <\/em><span style=\"font-size: 1rem;\"> We hebben onzen strijd voor dit ons arme volk beleden De morgen gloorde klaar voor onzen offergang We keeren in den avond weer uit een verleden Dat geen gehoor leende aan onz\u2019 klaren zang &#8212;&#8212;&#8212;&#8212;&#8212;&#8212;&#8212;&#8212;&#8212; We voelen ons verguisden van deze geslachten We hebben den warmsten tol van \u2019t eigen hart betaald En als ons hopen al ons vruchtloos wachten Heeft in den avond v\u00f3\u00f3r den zegetocht gefaald &#8212;&#8212;&#8212;&#8212;&#8212;&#8212;&#8212;&#8212;&#8212;- We hebben onze handen over \u2019t leed gevouwen Gedacht aan duizenden die voor ons <\/span><span style=\"text-decoration: line-through;\">zijn gegaan <\/span><span style=\"font-size: 1rem;\">Lang hardre tijden nog op hen rust ons vertrouwen Zij dragen in hun wezen onze schoonsten naam &#8212;&#8212;&#8212;&#8212;&#8212;&#8212;&#8212;&#8212;&#8212;&#8211; Niet alles kan verloren zijn dat moeizaam werd gedragen Door dagentochten eeuwen onder zijn beleid Die deze smarten van dit volk hielp schragen Zal leiden tot den roem zijner uiteindlijkheid <\/span><br style=\"font-size: 1rem;\" \/><span style=\"font-size: 1rem;\">(35) II <\/span><u style=\"font-size: 1rem;\">Voor onze gevangen moeders <\/u><span style=\"font-size: 1rem;\"> Jij hebt naast mij de dagen lang zwijgend gesleten en uwe jonge droeve blik gleed langs den bleeken wand Ik heb mijn eigen leed aan uwen smart gemeten en voelde van uw moederhart den stillen brand &#8212;&#8212;&#8212;&#8212;&#8212;&#8212;&#8212;&#8212;&#8212;&#8212; <\/span><strong style=\"font-size: 1rem;\"><em>(ander geschrift)<\/em><\/strong><span style=\"font-size: 1rem;\"> Een wondren schijn gleed langs uw mijmerend wezen Als d\u2019avond langs dit tralieluik d\u2019herinnering bracht Verlangen van je hart en \u2026\u00a0 ? \u2026 ? &#8212;&#8212;&#8212;&#8212;&#8212;&#8212;&#8212;&#8212;&#8212;&#8212;- <\/span><strong style=\"font-size: 1rem;\"><em>(ander geschrift eindigt hier)<\/em><\/strong><span style=\"font-size: 1rem;\"> Over de welving van uw <\/span><br style=\"font-size: 1rem;\" \/><br style=\"font-size: 1rem;\" \/><span style=\"font-size: 1rem;\">(36) Woensdag 18<\/span><sup>n<\/sup><span style=\"font-size: 1rem;\"> October \u2019n Nieuwe celgenoot: J<\/span><sup>w<\/sup><span style=\"font-size: 1rem;\">. G. Van Steenbergen \u2013 De Commissie wordt samengesteld en de pakjes kome toekomende week aan\u2026 Suikerrantsoen 1 pond <\/span><br style=\"font-size: 1rem;\" \/><span style=\"font-size: 1rem;\">Donderdag 19<\/span><sup>n<\/sup><span style=\"font-size: 1rem;\"> October Ger. Vrebos bemerk ik even van ver Cel 339? <\/span><br style=\"font-size: 1rem;\" \/><span style=\"font-size: 1rem;\">Vrijdag 20 October Groote avondvertooning tweede heropvoering \u201cGroote Liefde of Blondine in Chintane? dubbel rantsoen brood <\/span><br style=\"font-size: 1rem;\" \/><span style=\"font-size: 1rem;\">Zaterdag 21 October The First English Lesson De groote dag Make gezien en gesproken !!! Alles goed Feierabend Sonnabend Het was de schoonste dag van ons Leuven Souper fantastisch <\/span><br style=\"font-size: 1rem;\" \/><span style=\"font-size: 1rem;\">1. Enkel Hilda\u2019s boterham met varkens gepesten kop \u2013 de eerste vetstoffen vloeien het uitgeputte lichaam binnen <br \/><\/span><span style=\"font-size: 1rem;\">2. De V1 bom of te frikadelle <br \/><\/span><span style=\"font-size: 1rem;\">3. patatten goed gekookt (over de kleur zagen we over) met roode kool<\/span><span style=\"font-size: 1rem;\"> (hier eindigt eerste dagboek) <\/span><br style=\"font-size: 1rem;\" \/><span style=\"font-size: 1rem;\">Afbeelding pagina 36, laatste bladzijde Dagboek 1 <\/span><a style=\"font-size: 1rem;\" href=\"https:\/\/www.antillia.be\/blog\/wp-content\/uploads\/2018\/09\/Sim_0037.jpg\"><img decoding=\"async\" class=\"alignnone size-medium wp-image-1066 zoooom\" src=\"https:\/\/www.antillia.be\/blog\/wp-content\/uploads\/2018\/09\/Sim_0037-243x300.jpg\" alt=\"\" width=\"243\" height=\"300\" srcset=\"https:\/\/www.antillia.be\/blog\/wp-content\/uploads\/2018\/09\/Sim_0037-243x300.jpg 243w, https:\/\/www.antillia.be\/blog\/wp-content\/uploads\/2018\/09\/Sim_0037-768x948.jpg 768w, https:\/\/www.antillia.be\/blog\/wp-content\/uploads\/2018\/09\/Sim_0037-830x1024.jpg 830w, https:\/\/www.antillia.be\/blog\/wp-content\/uploads\/2018\/09\/Sim_0037.jpg 1660w\" sizes=\"(max-width: 243px) 100vw, 243px\" \/><\/a><\/p>\r\n<hr \/>\r\n<p><strong>Noten<\/strong> <sup>(1)<\/sup> \u201cMetiers\u201d: <a href=\"https:\/\/instructionpublique.bruxelles.be\/nl\/instelling\/institut-des-arts-et-metiers\" target=\"_blank\" rel=\"noopener noreferrer nofollow\"><span style=\"color: #0000ff;\">Institut des Arts et M\u00e9tiers<\/span><\/a>, Slachthuislaan 50, Brussel &gt; <em>&#8220;L\u2019Institut des Arts et M\u00e9tiers (IAM) est un \u00e9tablissement d&#8217;enseignement technique et professionnel de qualification de la Ville de Bruxelles. Fond\u00e9 sur des principes de d\u00e9mocratie, de neutralit\u00e9 et de pluralisme, son enseignement appartient au r\u00e9seau officiel subventionn\u00e9 et est accessible \u00e0 tous, sans distinction de sexe, d&#8217;origine ethnique, de convictions politiques, philosophiques ou religieuses.&#8221;<\/em> <a href=\"https:\/\/www.antillia.be\/blog\/wp-content\/uploads\/2019\/10\/Metiers.jpg\"><img decoding=\"async\" class=\"alignnone wp-image-7349 zoooom\" src=\"https:\/\/www.antillia.be\/blog\/wp-content\/uploads\/2019\/10\/Metiers-300x165.jpg\" alt=\"\" width=\"435\" height=\"239\" srcset=\"https:\/\/www.antillia.be\/blog\/wp-content\/uploads\/2019\/10\/Metiers-300x165.jpg 300w, https:\/\/www.antillia.be\/blog\/wp-content\/uploads\/2019\/10\/Metiers.jpg 763w\" sizes=\"(max-width: 435px) 100vw, 435px\" \/><\/a> <br \/><sup>(2)<\/sup> Pellenberg\u00a0: Tiense steenweg naar Korbeek-Lo <br \/><sup>(3)<\/sup> Leons serres <sup>(4)<\/sup> reuze bombardementen: zie &#8220;<a href=\"https:\/\/nl.wikipedia.org\/wiki\/Slag_om_Leuven_(1940)\" target=\"_blank\" rel=\"noopener noreferrer nofollow\">Slag om Leuven (1940)<\/a>&#8220;,\u00a0 en verder: &#8220;de bombardementen op Leuven&#8221; <br \/><sup>(5)<\/sup> Lies: jeugd- en studievriendin die omkwam bij het bombardement op Leuven (12 mei 1944). Ze was collega van Sim aan de Rijksmiddelbare Meisjesschool te Hasselt. Ook Lies&#8217; broer kwam om, beiden hadden een schuilplaats gezocht in een kelder van het\u00a0Drievuldigheidscollege (Paters Jozefieten) op de Oude Markt (zie foto) die een voltreffer te verwerken kreeg. Hieronder het rouwprentje van broer en zus en het gedachtenisprentje waar Sim over schrijft. De teksten op beide prentjes zijn van Sims hand. <a href=\"https:\/\/www.antillia.be\/blog\/wp-content\/uploads\/2018\/09\/Lies-1.jpg\"><img decoding=\"async\" class=\"alignnone size-medium wp-image-1227 zoooom\" src=\"https:\/\/www.antillia.be\/blog\/wp-content\/uploads\/2018\/09\/Lies-1-300x224.jpg\" alt=\"\" width=\"300\" height=\"224\" srcset=\"https:\/\/www.antillia.be\/blog\/wp-content\/uploads\/2018\/09\/Lies-1-300x224.jpg 300w, https:\/\/www.antillia.be\/blog\/wp-content\/uploads\/2018\/09\/Lies-1-768x573.jpg 768w, https:\/\/www.antillia.be\/blog\/wp-content\/uploads\/2018\/09\/Lies-1-1024x763.jpg 1024w, https:\/\/www.antillia.be\/blog\/wp-content\/uploads\/2018\/09\/Lies-1.jpg 1792w\" sizes=\"(max-width: 300px) 100vw, 300px\" \/><\/a> <a href=\"https:\/\/www.antillia.be\/blog\/wp-content\/uploads\/2018\/09\/Lies-2.jpg\"><img decoding=\"async\" class=\"alignnone size-medium wp-image-1228 zoooom\" src=\"https:\/\/www.antillia.be\/blog\/wp-content\/uploads\/2018\/09\/Lies-2-300x248.jpg\" alt=\"\" width=\"300\" height=\"248\" srcset=\"https:\/\/www.antillia.be\/blog\/wp-content\/uploads\/2018\/09\/Lies-2-300x248.jpg 300w, https:\/\/www.antillia.be\/blog\/wp-content\/uploads\/2018\/09\/Lies-2-768x635.jpg 768w, https:\/\/www.antillia.be\/blog\/wp-content\/uploads\/2018\/09\/Lies-2-1024x847.jpg 1024w, https:\/\/www.antillia.be\/blog\/wp-content\/uploads\/2018\/09\/Lies-2.jpg 1588w\" sizes=\"(max-width: 300px) 100vw, 300px\" \/><\/a> <a href=\"https:\/\/www.antillia.be\/blog\/wp-content\/uploads\/2018\/09\/Drievuldigheidscollege.jpg\"><img decoding=\"async\" class=\"alignnone size-medium wp-image-1230 zoooom\" src=\"https:\/\/www.antillia.be\/blog\/wp-content\/uploads\/2018\/09\/Drievuldigheidscollege-300x208.jpg\" alt=\"\" width=\"300\" height=\"208\" srcset=\"https:\/\/www.antillia.be\/blog\/wp-content\/uploads\/2018\/09\/Drievuldigheidscollege-300x208.jpg 300w, https:\/\/www.antillia.be\/blog\/wp-content\/uploads\/2018\/09\/Drievuldigheidscollege.jpg 716w\" sizes=\"(max-width: 300px) 100vw, 300px\" \/><\/a> <br \/><em>Drievuldigheidscollege Leuven, Oude Markt, mei 1944 na het geallieerde bombardement. Meer dan 30 foto&#8217;s hierover vind je <a href=\"https:\/\/www.nieuwsblad.be\/cnt\/dmf20130510_00575714\" target=\"_blank\" rel=\"noopener nofollow\">hier<\/a><\/em> Filmbeelden &#8220;Bombardement op Leuven 15 mei 1944&#8221;: <iframe title=\"YouTube video player\" src=\"https:\/\/www.youtube.com\/embed\/QipTvwH7bRg\" width=\"560\" height=\"315\" frameborder=\"0\" allowfullscreen=\"allowfullscreen\"><\/iframe> Toen ik Sim hierover interviewde in 1993 vertelde ze het volgende (blijkbaar was ze niet zo tevreden over het gedicht dat ze voor Lies&#8217; rouwprentje geschreven had):<\/p>\r\n<audio class=\"wp-audio-shortcode\" id=\"audio-934-1\" preload=\"none\" style=\"width: 100%;\" controls=\"controls\"><source type=\"audio\/mpeg\" src=\"https:\/\/www.antillia.be\/blog\/wp-content\/uploads\/2018\/09\/7.-Lies-Rems-Bombardement-1944.mp3?_=1\" \/><a href=\"https:\/\/www.antillia.be\/blog\/wp-content\/uploads\/2018\/09\/7.-Lies-Rems-Bombardement-1944.mp3\">https:\/\/www.antillia.be\/blog\/wp-content\/uploads\/2018\/09\/7.-Lies-Rems-Bombardement-1944.mp3<\/a><\/audio>\r\n<p><sup>(6)<\/sup> IJzervlakte: Wereldoorlog I en IJzerbedevaart<br \/><sup>(7)<\/sup> Jozef Simon\u00a0: \u201c<a href=\"https:\/\/nl.wikipedia.org\/wiki\/Jozef_Simons\" target=\"_blank\" rel=\"noopener noreferrer nofollow\">Jozef Simons<\/a> (Oelegem, 21 mei 1888 \u2013 Turnhout, 20 januari 1948) was een Vlaamse schrijver en dichter\u2026 Het belangrijkste werk van Jozef Simons is\u00a0 &#8216;Eer Vlaanderen vergaat&#8217; (1927), een geromantiseerde geschiedenis van de Frontbeweging&#8221;. <br \/><sup>(8)<\/sup> Blauwput: gehucht in Leuven\/ Kessel-Lo <br \/><sup>(9)<\/sup> Germa 85 <sup>(9)<\/sup> Forum: Bioskoopzaal Bondgenotenlaan (tgo H&amp;M), zie: &#8220;<a href=\"http:\/\/www.cinemaleuven.be\/cinema\/louvain-palace-forum\" target=\"_blank\" rel=\"noopener noreferrer nofollow\">Cinema Leuven<\/a>&#8221; <a href=\"https:\/\/www.antillia.be\/blog\/wp-content\/uploads\/2019\/10\/Cinema-Louvain-Palace-Forum.jpg\"><img decoding=\"async\" class=\"size-medium wp-image-7345 zoooom aligncenter\" src=\"https:\/\/www.antillia.be\/blog\/wp-content\/uploads\/2019\/10\/Cinema-Louvain-Palace-Forum-274x300.jpg\" alt=\"\" width=\"274\" height=\"300\" srcset=\"https:\/\/www.antillia.be\/blog\/wp-content\/uploads\/2019\/10\/Cinema-Louvain-Palace-Forum-274x300.jpg 274w, https:\/\/www.antillia.be\/blog\/wp-content\/uploads\/2019\/10\/Cinema-Louvain-Palace-Forum.jpg 500w\" sizes=\"(max-width: 274px) 100vw, 274px\" \/><\/a><sup><br \/>(10)<\/sup> \u201cTanz mit den Kaiser\u201d: <a href=\"https:\/\/de.wikipedia.org\/wiki\/Tanz_mit_dem_Kaiser\" target=\"_blank\" rel=\"noopener noreferrer nofollow\"><span style=\"color: #0000ff;\">Film uit 1941 van Georg Jacoby<\/span><\/a> met Marika R\u00f6k<br \/><br \/><iframe src=\"https:\/\/www.youtube.com\/embed\/5MCeFQANjrs\" width=\"560\" height=\"315\" frameborder=\"0\" allowfullscreen=\"allowfullscreen\"><\/iframe> Georg Jakoby: filmregisseur (1882-1964), zie <a href=\"https:\/\/nl.wikipedia.org\/wiki\/Georg_Jacoby\" target=\"_blank\" rel=\"noopener noreferrer nofollow\">bio<\/a> Marika R\u00f6k: Duits-Oostenrijkse actrice (1913-2004,) zie <a href=\"https:\/\/de.wikipedia.org\/wiki\/Marika_R%C3%B6kk\" target=\"_blank\" rel=\"noopener noreferrer nofollow\">bio<\/a>\u00a0(Duits) Sim bewaarde alle muziekpartituren die ze aan de piano speelde en zong, of die ze instudeerde voor een optreden. Hier deze van &#8220;Lente in Wien&#8221; een liedje uit deze film:<br \/><br \/><a href=\"https:\/\/www.antillia.be\/blog\/wp-content\/uploads\/2019\/05\/Lente-3.jpg\"><img decoding=\"async\" class=\"alignnone size-large wp-image-6370 zoooom\" src=\"https:\/\/www.antillia.be\/blog\/wp-content\/uploads\/2019\/05\/Lente-3-1024x518.jpg\" alt=\"\" width=\"525\" height=\"266\" srcset=\"https:\/\/www.antillia.be\/blog\/wp-content\/uploads\/2019\/05\/Lente-3-1024x518.jpg 1024w, https:\/\/www.antillia.be\/blog\/wp-content\/uploads\/2019\/05\/Lente-3-300x152.jpg 300w, https:\/\/www.antillia.be\/blog\/wp-content\/uploads\/2019\/05\/Lente-3-768x388.jpg 768w, https:\/\/www.antillia.be\/blog\/wp-content\/uploads\/2019\/05\/Lente-3.jpg 1248w\" sizes=\"(max-width: 525px) 100vw, 525px\" \/><\/a><\/p>\r\n<p>Het liedje:<\/p>\r\n<audio class=\"wp-audio-shortcode\" id=\"audio-934-2\" preload=\"none\" style=\"width: 100%;\" controls=\"controls\"><source type=\"audio\/mpeg\" src=\"https:\/\/www.antillia.be\/blog\/wp-content\/uploads\/2019\/10\/Fruhling-in-Wien.mp3?_=2\" \/><a href=\"https:\/\/www.antillia.be\/blog\/wp-content\/uploads\/2019\/10\/Fruhling-in-Wien.mp3\">https:\/\/www.antillia.be\/blog\/wp-content\/uploads\/2019\/10\/Fruhling-in-Wien.mp3<\/a><\/audio>\r\n<p>Zie ook de <a href=\"https:\/\/www.cinema-in-occupied-belgium.be\/en\/film\/1377.html\" target=\"_blank\" rel=\"noopener noreferrer nofollow\"><span style=\"color: #0000ff;\">website van Professor Roel Vande Winkel<\/span>\u00a0<\/a>over waar en wanneer deze film werd vertoond toen .<\/p>\r\n<p><br \/><a href=\"https:\/\/www.antillia.be\/blog\/wp-content\/uploads\/2020\/11\/Tanz.jpg\"><img decoding=\"async\" class=\"size-medium wp-image-9564 zoooom aligncenter\" src=\"https:\/\/www.antillia.be\/blog\/wp-content\/uploads\/2020\/11\/Tanz-216x300.jpg\" alt=\"\" width=\"216\" height=\"300\" srcset=\"https:\/\/www.antillia.be\/blog\/wp-content\/uploads\/2020\/11\/Tanz-216x300.jpg 216w, https:\/\/www.antillia.be\/blog\/wp-content\/uploads\/2020\/11\/Tanz-738x1024.jpg 738w, https:\/\/www.antillia.be\/blog\/wp-content\/uploads\/2020\/11\/Tanz-768x1066.jpg 768w, https:\/\/www.antillia.be\/blog\/wp-content\/uploads\/2020\/11\/Tanz-1107x1536.jpg 1107w, https:\/\/www.antillia.be\/blog\/wp-content\/uploads\/2020\/11\/Tanz.jpg 1200w\" sizes=\"(max-width: 216px) 100vw, 216px\" \/><\/a><\/p>\r\n<p>Misschien gingen\u00a0 Sim en Lies kijken in &#8220;<a href=\"https:\/\/www.cinema-in-occupied-belgium.be\/en\/cinema\/CIN00238.html\" target=\"_blank\" rel=\"noopener noreferrer nofollow\"><span style=\"color: #0000ff;\">Cinema Casino<\/span><\/a>&#8221; in Leuven, in de week van 14-20 augustus 1943? Cinema Casino, een smal zaaltje &#8211; Diestsestraat 93) verdween in 1955, en werd later ingenomen door de speelgoedwinkel &#8216;Bart Smit&#8217;, nu &#8220;MaxiToys&#8221;. <sup>(<br \/>11)<\/sup> De Craan <br \/><sup>(12)<\/sup> Tante <br \/><sup>(13)<\/sup> Oom: Constant-Albert Crabb\u00e9 (18 november 1883 \u2013 12 maart 1936) verongelukt met zijn auto op de Leuvense Steenweg te Veltem-Beisem, alle vier inzittenden op slag dood. Broer van Sims moeder. Sim was met hem en zijn auto 3 jaar eerder naar Banneux gereden om er de verschijningen van Onze-Lieve-Vrouw te gaan bezichtigen die gaande waren, ze was toen 14. <a href=\"https:\/\/www.antillia.be\/blog\/wp-content\/uploads\/2018\/09\/Wolfs_0015.jpg\"><img decoding=\"async\" class=\"alignnone size-medium wp-image-1064 zoooom\" src=\"https:\/\/www.antillia.be\/blog\/wp-content\/uploads\/2018\/09\/Wolfs_0015-186x300.jpg\" alt=\"\" width=\"186\" height=\"300\" srcset=\"https:\/\/www.antillia.be\/blog\/wp-content\/uploads\/2018\/09\/Wolfs_0015-186x300.jpg 186w, https:\/\/www.antillia.be\/blog\/wp-content\/uploads\/2018\/09\/Wolfs_0015-635x1024.jpg 635w, https:\/\/www.antillia.be\/blog\/wp-content\/uploads\/2018\/09\/Wolfs_0015.jpg 756w\" sizes=\"(max-width: 186px) 100vw, 186px\" \/><\/a>\u00a0 \u00a0 \u00a0<a href=\"https:\/\/www.antillia.be\/blog\/wp-content\/uploads\/2018\/09\/Wolfs_0018a.jpg\"><img decoding=\"async\" class=\"alignnone size-medium wp-image-1329 zoooom\" src=\"https:\/\/www.antillia.be\/blog\/wp-content\/uploads\/2018\/09\/Wolfs_0018a-300x282.jpg\" alt=\"\" width=\"300\" height=\"282\" srcset=\"https:\/\/www.antillia.be\/blog\/wp-content\/uploads\/2018\/09\/Wolfs_0018a-300x282.jpg 300w, https:\/\/www.antillia.be\/blog\/wp-content\/uploads\/2018\/09\/Wolfs_0018a-768x721.jpg 768w, https:\/\/www.antillia.be\/blog\/wp-content\/uploads\/2018\/09\/Wolfs_0018a.jpg 868w\" sizes=\"(max-width: 300px) 100vw, 300px\" \/><\/a> <br \/>Hier doet Sim het verhaal over deze man (interview 1993), de broer van haar moeder en peter van haar broer (uit het hoofd draagt ze ook het gedicht voor dat haar broer toen voor zijn peter schreef) en brengt hem zo even opnieuw tot leven:<\/p>\r\n<audio class=\"wp-audio-shortcode\" id=\"audio-934-3\" preload=\"none\" style=\"width: 100%;\" controls=\"controls\"><source type=\"audio\/mpeg\" src=\"https:\/\/www.antillia.be\/blog\/wp-content\/uploads\/2018\/09\/8.-Constant-Albert-Crabb\u00e9-verongelukt-1936.mp3?_=3\" \/><a href=\"https:\/\/www.antillia.be\/blog\/wp-content\/uploads\/2018\/09\/8.-Constant-Albert-Crabb\u00e9-verongelukt-1936.mp3\">https:\/\/www.antillia.be\/blog\/wp-content\/uploads\/2018\/09\/8.-Constant-Albert-Crabb\u00e9-verongelukt-1936.mp3<\/a><\/audio>\r\n<p>(Over hem als &#8220;jachtopkoper&#8221; schrijft Sim ook in &#8220;Het Dorp aan de Wingerbeek&#8221; <a href=\"https:\/\/www.antillia.be\/blog\/het-dorp-aan-de-wingerbeek-duitse-inval-mei-1940\/\" target=\"_blank\" rel=\"noopener noreferrer\">manuscript pagina XV \/ 15<\/a>) Dat het ongeluk van haar oom een diepe en blijvende indruk naliet bewijst deze opmerking van Sim in haar dagboek van 12 maart 2010 (= 74 jaar later!): <a href=\"https:\/\/www.antillia.be\/blog\/wp-content\/uploads\/2019\/04\/Albert.jpg\"><img decoding=\"async\" class=\"alignnone size-large wp-image-5348 zoooom\" src=\"https:\/\/www.antillia.be\/blog\/wp-content\/uploads\/2019\/04\/Albert-1024x562.jpg\" alt=\"\" width=\"525\" height=\"288\" srcset=\"https:\/\/www.antillia.be\/blog\/wp-content\/uploads\/2019\/04\/Albert-1024x562.jpg 1024w, https:\/\/www.antillia.be\/blog\/wp-content\/uploads\/2019\/04\/Albert-300x165.jpg 300w, https:\/\/www.antillia.be\/blog\/wp-content\/uploads\/2019\/04\/Albert-768x422.jpg 768w, https:\/\/www.antillia.be\/blog\/wp-content\/uploads\/2019\/04\/Albert.jpg 1402w\" sizes=\"(max-width: 525px) 100vw, 525px\" \/><\/a> <br \/><em>\u201c1936 Oom Bert verongelukt in Veltem Beysem. Ik was in Heverlee en Pa kwam mij halen \u2013 Een trieste herinnering en toch geen benauwenis\u201d. <br \/><\/em> <sup>(14)<\/sup> Fritsjes: bijnaam\/scheldnaam voor een Duits soldaat, zie: &#8220;<a href=\"https:\/\/www.dbnl.org\/tekst\/_nee003200601_01\/_nee003200601_01_0070.php\" target=\"_blank\" rel=\"noopener noreferrer nofollow\">bijnamen voor Duitsers<\/a>&#8221; <br \/><sup>(15)<\/sup> 4tje: tram 4 in Brussel (lijn 4) <br \/><sup>(16)<\/sup> \u201eAbenteuer im Grand-Hotel\u201c Deutschland 1942\/1943 Spielfilm, zie info: &#8220;<a href=\"https:\/\/www.filmportal.de\/film\/abenteuer-im-grand-hotel_1a3fbe777ef6435da81e528812ad8983\" target=\"_blank\" rel=\"noopener noreferrer nofollow\">filmportaal<\/a>&#8221; met <a href=\"https:\/\/de.wikipedia.org\/wiki\/Wolf_Albach-Retty\" target=\"_blank\" rel=\"noopener noreferrer nofollow\"><span style=\"color: #0000ff;\">Wolf Albach-Retty<\/span><\/a> <span style=\"color: #000000;\">(vader van <a href=\"https:\/\/nl.wikipedia.org\/wiki\/Romy_Schneider\" target=\"_blank\" rel=\"noopener noreferrer nofollow\"><span style=\"color: #0000ff;\">Romy Schneider<\/span><\/a>)<\/span>, <a href=\"https:\/\/nl.wikipedia.org\/wiki\/Hans_Moser_(acteur)\" target=\"_blank\" rel=\"noopener noreferrer nofollow\"><span style=\"color: #0000ff;\">Hans Moser<\/span><\/a>, <a href=\"https:\/\/de.wikipedia.org\/wiki\/Maria_Andergast\" target=\"_blank\" rel=\"noopener noreferrer nofollow\"><span style=\"color: #0000ff;\">Maria Andergast<\/span><\/a> <iframe src=\"https:\/\/www.youtube.com\/embed\/ClQFbYuFzXo\" width=\"560\" height=\"315\" frameborder=\"0\" allowfullscreen=\"allowfullscreen\"><\/iframe> De<a href=\"https:\/\/www.cinema-in-occupied-belgium.be\/en\/film\/1272.html\" target=\"_blank\" rel=\"noopener noreferrer nofollow\"><span style=\"color: #0000ff;\"> website van Professor Roel Vande Winkel<\/span><\/a> biedt een overzicht van alle films die tijdens de bezetting in Belgi\u00eb werden gedraaid, waar en wanneer, een echte goudmijn. Ook &#8220;Abenteuer in Grand Hotel&#8221; is opgenomen, die werd vertoond in de week van 18-24 augustus 1944 in &#8220;<a href=\"https:\/\/www.cinema-in-occupied-belgium.be\/en\/cinema\/CIN00191.html\" target=\"_blank\" rel=\"noopener noreferrer nofollow\"><span style=\"color: #0000ff;\">Cinema M\u00e9tropole<\/span><\/a>&#8221; te Brussel. Sim ging met haar broer kijken op donderdag 24 augustus 1944 <a href=\"https:\/\/www.antillia.be\/blog\/wp-content\/uploads\/2020\/11\/Abentuer-in-Grand-Hotel.jpg\"><img decoding=\"async\" class=\"size-medium wp-image-9560 zoooom aligncenter\" src=\"https:\/\/www.antillia.be\/blog\/wp-content\/uploads\/2020\/11\/Abentuer-in-Grand-Hotel-222x300.jpg\" alt=\"\" width=\"222\" height=\"300\" srcset=\"https:\/\/www.antillia.be\/blog\/wp-content\/uploads\/2020\/11\/Abentuer-in-Grand-Hotel-222x300.jpg 222w, https:\/\/www.antillia.be\/blog\/wp-content\/uploads\/2020\/11\/Abentuer-in-Grand-Hotel-757x1024.jpg 757w, https:\/\/www.antillia.be\/blog\/wp-content\/uploads\/2020\/11\/Abentuer-in-Grand-Hotel-768x1039.jpg 768w, https:\/\/www.antillia.be\/blog\/wp-content\/uploads\/2020\/11\/Abentuer-in-Grand-Hotel-1136x1536.jpg 1136w, https:\/\/www.antillia.be\/blog\/wp-content\/uploads\/2020\/11\/Abentuer-in-Grand-Hotel.jpg 1200w\" sizes=\"(max-width: 222px) 100vw, 222px\" \/><\/a> &#8220;<a href=\"https:\/\/fr.wikipedia.org\/wiki\/Cin%C3%A9ma_M%C3%A9tropole\" target=\"_blank\" rel=\"noopener noreferrer nofollow\">Cin\u00e9ma M\u00e9tropole<\/a>&#8221; werd gebouwd in de jaren &#8217;30\/&#8217;32 in Art Nouveau stijl, en huisvest nu de kledingwinkel Zara, Nieuwstraat 30, Brussel. <a href=\"https:\/\/www.antillia.be\/blog\/wp-content\/uploads\/2020\/11\/Metro.jpg\"><img decoding=\"async\" class=\"wp-image-9562 zoooom aligncenter\" src=\"https:\/\/www.antillia.be\/blog\/wp-content\/uploads\/2020\/11\/Metro-300x213.jpg\" alt=\"\" width=\"451\" height=\"320\" srcset=\"https:\/\/www.antillia.be\/blog\/wp-content\/uploads\/2020\/11\/Metro-300x213.jpg 300w, https:\/\/www.antillia.be\/blog\/wp-content\/uploads\/2020\/11\/Metro-1024x727.jpg 1024w, https:\/\/www.antillia.be\/blog\/wp-content\/uploads\/2020\/11\/Metro-768x546.jpg 768w, https:\/\/www.antillia.be\/blog\/wp-content\/uploads\/2020\/11\/Metro-1536x1091.jpg 1536w, https:\/\/www.antillia.be\/blog\/wp-content\/uploads\/2020\/11\/Metro.jpg 1588w\" sizes=\"(max-width: 451px) 100vw, 451px\" \/><\/a> <em>(afbeelding \u00a9 <a href=\"http:\/\/www.irismonument.be\/fr.Bruxelles_Pentagone.Rue_Neuve.30.html\" target=\"_blank\" rel=\"noopener noreferrer nofollow\">irismonument.be<\/a>)<\/em> <sup>(<br \/>17) <\/sup><strong>Karl Schlau<\/strong>, auch Carl, vollst\u00e4ndig Carl Leberecht Eduard Schlau, lettisch Karls \u0160laus oder K\u0101rlis \u0160lavs, vollst\u00e4ndig K\u0101rlis L\u0113berehts Eduards \u0160lavs, (* 22. Februarjul.\/ 6. M\u00e4rz 1851greg. in Riga, Gouvernement Livland; \u2020 26. M\u00e4rz 1919 in Riga) war ein deutsch-baltischer evangelisch-lutherischer Pfarrer in Lettland. Er gilt als evangelischer M\u00e4rtyrer.\u00a0 <em>\u201eIch lerne vom Freiherrn vom Stein; der sagt: ,Ich habe mein Gep\u00e4ck im Leben schon dreimal verloren.\u00b4 Man mu\u00df sich gew\u00f6hnen, es hinter sich zu werfen. Weil wir sterben m\u00fcssen, sollen wir tapfer sein.\u201c<\/em> Zie volledig citaat <a href=\"https:\/\/de.wikipedia.org\/wiki\/Karl_Schlau#Letzte_Tage\" target=\"_blank\" rel=\"noopener noreferrer nofollow\">hier<\/a>. <br \/><sup>(18)<\/sup> Heverlee: Sim studeerde regentaat aan de normaalschool Heilig-Hart te Heverlee (Naamse Steenweg), Sim op tweede rij, derde van links; Normaalafdeling 3de jaar, 1937. Ze was toen 18. <a href=\"https:\/\/www.antillia.be\/blog\/wp-content\/uploads\/2018\/09\/46.jpg\"><img decoding=\"async\" class=\"alignnone  wp-image-1070 zoooom\" src=\"https:\/\/www.antillia.be\/blog\/wp-content\/uploads\/2018\/09\/46-300x119.jpg\" alt=\"\" width=\"608\" height=\"241\" srcset=\"https:\/\/www.antillia.be\/blog\/wp-content\/uploads\/2018\/09\/46-300x119.jpg 300w, https:\/\/www.antillia.be\/blog\/wp-content\/uploads\/2018\/09\/46-768x306.jpg 768w, https:\/\/www.antillia.be\/blog\/wp-content\/uploads\/2018\/09\/46-1024x408.jpg 1024w, https:\/\/www.antillia.be\/blog\/wp-content\/uploads\/2018\/09\/46.jpg 2048w\" sizes=\"(max-width: 608px) 100vw, 608px\" \/><\/a> Close-up: Sim (midden) vertelde dat ze toen boos keek omdat ze net ruzie had gemaakt met haar beste vriendin (met bril, rechts). Die zou later intreden bij de &#8220;<a href=\"https:\/\/annuntiatenheverlee.weebly.com\/\" target=\"_blank\" rel=\"noopener noreferrer nofollow\">Zusters Annuntiaten van Heverlee<\/a>&#8221; aldaar als Zuster Walburgis en beiden bleven een leven lang zeer goede vriendinnen. <a href=\"https:\/\/www.antillia.be\/blog\/wp-content\/uploads\/2018\/09\/46a.jpg\"><img decoding=\"async\" class=\"size-medium wp-image-1072 zoooom aligncenter\" src=\"https:\/\/www.antillia.be\/blog\/wp-content\/uploads\/2018\/09\/46a-300x199.jpg\" alt=\"\" width=\"300\" height=\"199\" srcset=\"https:\/\/www.antillia.be\/blog\/wp-content\/uploads\/2018\/09\/46a-300x199.jpg 300w, https:\/\/www.antillia.be\/blog\/wp-content\/uploads\/2018\/09\/46a-768x510.jpg 768w, https:\/\/www.antillia.be\/blog\/wp-content\/uploads\/2018\/09\/46a-1024x680.jpg 1024w, https:\/\/www.antillia.be\/blog\/wp-content\/uploads\/2018\/09\/46a.jpg 2048w\" sizes=\"(max-width: 300px) 100vw, 300px\" \/><\/a><br \/><sup>(19)<\/sup> M\u00e4rchen: Sprookje <br \/><sup>(20)<\/sup> Motbroek: Motbroekstraat, Sint-Joris-Winge <br \/><sup>(21)<\/sup> \u201cDe boom van groot verdriet\u201d: uit het gedicht &#8220;<a href=\"https:\/\/dbnl.org\/tekst\/rola003vrou01_01\/rola003vrou01_01_0015.php\" target=\"_blank\" rel=\"noopener noreferrer nofollow\">De Vrouw in het Woud<\/a>&#8221; van <a href=\"https:\/\/nl.wikipedia.org\/wiki\/Henriette_Roland_Holst\" target=\"_blank\" rel=\"noopener noreferrer nofollow\">Henriette Roland-Holst<\/a>\u00a0(1869-1952), fragment: <br \/><em>\u201cDiep aan de steile helling van het leven,<\/em> <em>waar &#8217;t klein gewas van bonte vreugd niet groeit,<\/em> <em>den top in wolken van gepeins geheven,<\/em> <em>den voet door de beek der tranen besproeid,<\/em> <em>staat een boom. Tusschen zijne takken flonk&#8217;ren<\/em> <em>de klare hemelsche gesternten niet,<\/em> <em>een klaagzang ruischt de kroon, de dichte, donk&#8217;re<\/em> <em>van den eenzamen<span style=\"color: #0000ff;\"> boom van groot-verdriet<\/span>.\u201d<\/em> <br \/><sup>(22)<\/sup>\u00a0 Alice Own Book: misschien bedoelt Sim hier: &#8220;<a href=\"https:\/\/nl.wikipedia.org\/wiki\/Alice%27s_Adventures_in_Wonderland\" target=\"_blank\" rel=\"noopener noreferrer nofollow\">Alice in Wonderland<\/a>&#8220;, het kinderboek van Lewis Caroll uit 1865. <br \/><sup>(23)<\/sup>\u00a0\u201c \u2019t Is triestig dat het regent in den herfst\u201d uit het gedicht &#8220;Koortsdeun&#8221; van <a href=\"https:\/\/nl.wikipedia.org\/wiki\/Karel_van_de_Woestijne\" target=\"_blank\" rel=\"noopener noreferrer nofollow\">Karel van de Woestijne<\/a>\u00a0(1878-1929): <br \/><em>&#8217;t Is triestig dat het regent in den herfst, \u00a0<\/em> <em>dat het moe regent in den herfst, daar buiten. \u00a0<\/em> <em>&#8211; En wat de bloemen w\u00e9gen in den herfst; \u00a0<\/em> <em>&#8211; en de \u00f3ude regen lekend langs de ruiten&#8230;. <\/em> <em>Zwaai-stil staan graauwe boomen in het grijs, \u00a0<\/em> <em>de goede sidder-boomen, ritsel-weenend; \u00a0<\/em> <em>&#8211; en &#8217;t is de wind, en &#8217;t is een lamme wijs \u00a0<\/em> <em>van kreun-gezang in snakke tonen stenend&#8230;. <\/em> <em>&#8211; Nu moest me komen de oude drentel-tred; <\/em> <em>nu moest me &#8217;t oude vre\u00ea-beeldje gaan komen, \u00a0<\/em> <em>mijn grijs goed troost-moedertje om &#8217;t diepe bed \u00a0<\/em> <em>waar zich de warme koorts een l\u00edcht dierf droomen, \u00a0<\/em> <em>en &#8217;t wegend wee in leede tranen berst&#8230;. \u00a0<\/em> <em>&#8230; &#8217;t Is triestig dat mijn droefheid th\u00e1ns moest komen, \u00a0<\/em> <em>en loomen in &#8217;t atone van de boomen; \u00a0<\/em> <em>&#8211; &#8217;t is triestig dat het regent in den herfst&#8230;.<\/em> <br \/><sup>(24)<\/sup>\u00a0peignoir: kamerjas <br \/><sup>(25)<\/sup>\u00a0<a href=\"https:\/\/nl.wikipedia.org\/wiki\/August_Borms\" target=\"_blank\" rel=\"noopener noreferrer nofollow\">August Borms<\/a>:\u00a0(1878-1946) was een Vlaams-nationalistisch voorman en politicus. In 1946 werd hij vanwege collaboratie ge\u00ebxecuteerd. Op het ogenblik dat Sim over hem schrijft was Borms dus nog in leven. <br \/><sup>(26)<\/sup>\u00a0Breendonk: vraag is of Sim op dat ogenblik wist wat er zich <a href=\"https:\/\/nl.wikipedia.org\/wiki\/Fort_van_Breendonk#Het_Auffanglager_Breendonk\" target=\"_blank\" rel=\"noopener noreferrer nofollow\">hier<\/a> de voorbije jaren had afgespeeld, vermits het strafkamp door de Duitsers ontruimd werd op 31 augustus 1944 en we nu bijna 2 maanden verder zijn. Ongetwijfeld moet ze verhalen hebben opgevangen over de mensonwaardige toestanden daar. Ook moet ze geweten hebben wat &#8220;Gestapo&#8221; betekende en waarom men het riep naar de gedetineerden. Het is duidelijk dat in haar ogen er op dit ogenblik geen sprake is van &#8220;verraad&#8221;. <br \/><sup>(27)<\/sup> \u201cGeen een heeft het hoofd voor den kogel gebukt\u201d: uit \u201cO Kruise den Vlaming&#8221;, nav de <a href=\"https:\/\/nl.wikipedia.org\/wiki\/Boerenkrijg#Allerlei\" target=\"_blank\" rel=\"noopener noreferrer nofollow\">Boerenkrijg<\/a>: \u201cwas een opstand in 1798, van de landelijke bevolking tegen het door de Fransen in de Zuidelijke Nederlanden gevestigde staatsgezag.\u201d, het lied verwijst naar \u201chet kruis van Haasdonk&#8221; en de heldhaftigheid van de boeren tijdens de veldslag: <br \/><i>&#8220;&#8230;Niet \u00e9\u00e9n heeft het hoofd voor den kogel gebukt; <\/i><i>Zij vielen, het Kruis aan hun lippen gedrukt; <\/i><i>Het Kruis op hun borst was wel rood van hun bloed, <\/i><i>Doch sterven voor \u2019t Kruis dat is Vlamingenmoed. <\/i><i>O Moeder, en ween niet in \u2019t eenzame huis. <\/i><i>Uw kind is gestorven in d\u2019armen van \u2019t Kruis&#8230;&#8221;<\/i> <br \/><sup>(28)<\/sup>\u00a0teveel om op te noemen: tussen alle bekende namen valt hier natuurlijk &#8220;Vercknocke&#8221; op (nu nog verkeerd gespeld&#8230;), het bewijst dat ze toen al opkeek naar de man die 7 jaar later haar echtgenoot zou worden. <br \/><sup>(29)<\/sup>\u00a0 \u201cKomt straks de harde strijd wij zijn bereid!\u201d:\u00a0 Vlaams strijdlied in 1937 op muziek gezet door <a href=\"https:\/\/nl.wikipedia.org\/wiki\/Jef_Tinel#Componist\" target=\"_blank\" rel=\"noopener noreferrer nofollow\">Jef Tinel<\/a>: <br \/><em>&#8220;Schoon klaart de dag<\/em> <em>Hoog waait de vlag<\/em> <em>Wie niet dapper is, kan bij ons niet staan<\/em> <em>Wie niet durven kan, moet tenondergaan<\/em> <em>Komt straks de harde strijd, wij zijn bereid! <\/em> <em>Eens komt het uur, <\/em> <em>Gloeiend als vuur<\/em> <em>Dat de vijand grimmig voor ons staat <\/em> <em>En het uur der Dietse zege slaat<\/em> <em>Komt straks de harde strijd, wij zijn bereid! <\/em> <em>Trouw tot de dood<\/em> <em>Dietsland wordt groot <\/em> <em>Als gij morgen valt en ik blijf alleen<\/em> <em>Kameraad, ik blijf trouw en ik vecht voor twee <\/em> <em>Komt straks de harde strijd, wij zijn bereid!&#8221;<\/em> <br \/><sup>(29 bis)<\/sup>\u00a0&#8220;We zijn de bouwers van den tempel niet&#8230;&#8221;: uit het gedicht \u201cWij zullen u niet zien, lichtende Vrede\u201d van <a href=\"https:\/\/nl.wikipedia.org\/wiki\/Henriette_Roland_Holst\" target=\"_blank\" rel=\"noopener noreferrer nofollow\">Henriette Roland Holst<\/a>\u00a0(1869-1952). Wat zij hierover zelf zegt kan je <a href=\"https:\/\/www.dbnl.org\/tekst\/_gid001200801_01\/_gid001200801_01_0127.php\" target=\"_blank\" rel=\"noopener noreferrer nofollow\">hier<\/a> vinden (p. 844). <br \/><em>&#8220;Wij zullen u niet zien, lichtende Vrede,<\/em> <em>wij zullen niet voelen uw weligheid<\/em> <em>van onze lippen naar ons hart gegleden,<\/em> <em>en niet wikkelen om onze leden<\/em> <em>de weke plooi uwer broederlijkheid.<\/em> <em>&#8230;<\/em> <em>Wij zijn het geslacht dat moet vergaan<\/em> <em>opdat een groter rijze uit onze graven;<\/em> <em>wij zijn het geslacht dat zich moet laven<\/em> <em>aan zijn gebrokenheid en smartelijke waan;<\/em> <em>wij zijn het geslacht welks ganse have<\/em> <em>is als &#8217;t flauwe schimsel van de eerste maan.<\/em> <em>&#8230;<\/em> <em><span style=\"color: #0000ff;\">Wij zijn de bouwers van de tempel niet<\/span>,<\/em> <em>wij zijn alleen de sjouwers van de stenen;<\/em> <em>wij zullen niet zien rijzen en zich verenen<\/em> <em>zijn stoute pijlers; wij krielen doorene,<\/em> <em>omlaag, in verwarring en verdriet.&#8221;<\/em> <br \/><sup>(30)<\/sup>\u00a0 &#8220;Geluk, geluk&#8230; een teeder ding. Veel brozer dan herinnering!&#8221;: Hier de bewuste opmerking bij het zinnetje &#8220;Maar geluk is\u00a0 z\u00f3\u00f3 broos en het onheil sterk&#8230;&#8221; uit Sims opstel nr. 17, 29 januari 1938, door Zr G\u00e9rardine, Sim was toen 19 jaar (zie het volledige opstel op de pagina &#8220;<a href=\"https:\/\/www.antillia.be\/blog\/voorgeschiedenis\/sim\/opstellen-1935-1940\/\" target=\"_blank\" rel=\"noopener noreferrer\"><span style=\"color: #0000ff;\">Opstellen<\/span><\/a>&#8220;): <a href=\"https:\/\/www.antillia.be\/blog\/wp-content\/uploads\/2019\/04\/19380129.jpg\"><img decoding=\"async\" class=\"alignnone size-large wp-image-5761 zoooom\" src=\"https:\/\/www.antillia.be\/blog\/wp-content\/uploads\/2019\/04\/19380129-1024x623.jpg\" alt=\"\" width=\"525\" height=\"319\" srcset=\"https:\/\/www.antillia.be\/blog\/wp-content\/uploads\/2019\/04\/19380129-1024x623.jpg 1024w, https:\/\/www.antillia.be\/blog\/wp-content\/uploads\/2019\/04\/19380129-300x182.jpg 300w, https:\/\/www.antillia.be\/blog\/wp-content\/uploads\/2019\/04\/19380129-768x467.jpg 768w, https:\/\/www.antillia.be\/blog\/wp-content\/uploads\/2019\/04\/19380129.jpg 1352w\" sizes=\"(max-width: 525px) 100vw, 525px\" \/><\/a> <br \/><sup>(31)<\/sup>\u00a0 &#8220;ritme van de pijn&#8221;: citaat van Filip De Pillecyn uit zijn (eerste) roman &#8220;Pieter Fard\u00e9, de roman van een minderbroeder&#8221; uit 1926, p.18: <br \/><em>&#8220;Ritme van de pijn<\/em> <em>Daar zijn van die uren waarop de ziel zonder houvast is. Dat kan ook dagen en weken duren. Dan is alles wat spreekt een vijand. De woorden die gij hoort hebben een klank die u wegjaagt van de mensen; het is alsof geen enkel hart rondom u ooit in voeling is gekomen met uw eigen hart. Dan is er alleen toevlucht in gebed of muziek; dat verdiept en verinnigt, opent afgronden onder u en geeft een nieuwe ademtocht aan uw ziel. Dat brengt de lafenis over u van de gedenkenis van uw moeder, aan u zelf toen ge kind waart of aan iemand die ge heel innig lief hebt gehad. Dat duurt een ogenblik, en het houvast is weg. Elk woord dat u heeft gekwetst komt op u aangedraafd, elk gezicht dat door zijn vijandige onbegrijpen u heeft gesard staat klaar voor u. Zij die dan dromen kunnen van een wereld waarop die mensen geen bestaan hebben, kunnen schuilgaan in een oaze van gelukkige begoocheling: zij kunnen de zee zien en de horizonten met zeilen die gaan en komen, zij horen het lied van de ruimte en de fantazie van alle eeuwen komt over hen. Het is een grote troost dat een mens ook wakend dromen kan. <\/em><em>Maar de pijn komt weer, gelijk de golfslag oprijst na de rust van een andere <\/em><em>golfslag. En dat is de grootste beproeving die God onder de mensen heeft gezonden. <span style=\"color: #0000ff;\">Het ritme van de pijn der ziel<\/span>, het ritme van de verlatenheid van de ziel, die eentonige altijd maar aanrukkende golfslag van de verlatenheid.&#8221;<\/em> <br \/><sup>(32)<\/sup> &#8220;twee rijkswachters&#8221;: In Sims krijgsdossier is deze voorleiding gedocumenteerd, de heren spelden haar familienaam wel verkeerd&#8230; in moderne tijden zou hiervoor een procedurefout gepleit worden!: <a href=\"https:\/\/www.antillia.be\/blog\/wp-content\/uploads\/2020\/08\/RW4.jpg\"><img decoding=\"async\" class=\"alignnone wp-image-8473 zoooom\" src=\"https:\/\/www.antillia.be\/blog\/wp-content\/uploads\/2020\/08\/RW4-300x286.jpg\" alt=\"\" width=\"403\" height=\"384\" srcset=\"https:\/\/www.antillia.be\/blog\/wp-content\/uploads\/2020\/08\/RW4-300x286.jpg 300w, https:\/\/www.antillia.be\/blog\/wp-content\/uploads\/2020\/08\/RW4-768x733.jpg 768w, https:\/\/www.antillia.be\/blog\/wp-content\/uploads\/2020\/08\/RW4.jpg 838w\" sizes=\"(max-width: 403px) 100vw, 403px\" \/><\/a> <br \/>&#8220;(&#8230;) hebben wij de eer den Heer Procureur des Konings te Leuven ter kennis te brengen dat wij (&#8230;) WOLS <em>(sic)\u00a0<\/em>Simonne (&#8230;) opgeleid hebben ter uwer beschikking te Leuven, Tienschestraat (&#8230;) P.V. dd. <strong>2-10-44<\/strong>&#8221; <br \/><sup>(33)<\/sup> In het &#8220;<a href=\"https:\/\/www.antillia.be\/blog\/voorgeschiedenis\/sim\/interview\/1942-1949-oorlogsjaren-bevrijding-repressie\/\" target=\"_blank\" rel=\"noopener noreferrer\"><span style=\"color: #0000ff;\">interview met Sim<\/span><\/a>&#8221; (1993) vertelt ze uitgebreid over deze dagen en haar aanhouding. Later (2004) zou ze er nog op terug komen in haar gedicht &#8220;<a href=\"https:\/\/www.antillia.be\/blog\/de-zingende-ziel-der-dingen\/huwelijksleven\/1989-2014-sim-de-weg-alleen\/sim-poezie-1989-2006\/sim-gelegenheidspoezie-1989-2008\/\" target=\"_blank\" rel=\"noopener noreferrer\"><span style=\"color: #0000ff;\">Rijmelarij op m&#8217;n 85<\/span><\/a>&#8220;. <br \/>&#8220;<em>Tusschen de mensen van ons geloof zou ik uren zitten en elk leed aan het mijne meten. Tot de camion ons langs de lange asfaltbaan naar Leuven voerde. De Tiensche straat kon het volk amper slikken. Wij de verdachten gaan voort langs hun haat en hun felle slagen de armen omhoog<\/em>&#8220;: Hogeschoolplein Leuven, september 1944, collaborateurs op weg naar de Kazerne De Bay (Tiensestraat), vergelijking toen en nu (slider heen en weer slepen):<br \/><div id=\"ics-slider-wrapper-6_449765\"\r\n     class=\"ics-slider-wrapper comparison-container\"\r\n\tdata-width='100' data-width_unit='percents' data-font_family='Open Sans' data-font_size='14' data-text_color='#fcfcfc' data-text_position='top' data-caption-padding-top='0' data-caption-padding-bottom='0' data-caption-padding-left='0' data-caption-padding-right='0' data-handler-b_depth='3' data-handler-b_color='#fcfcfc' data-handler-background_color='#ffb800' data-handler-icon_class='' data-handler-icon_size='' data-handler-icon_color='' data-handler-circle_icon_padding='13' data-handler-circle_radius='32' data-handler-rectangle_icon_padding_height='15' data-handler-rectangle_icon_padding_width='15' data-handler-rectangle_height='15' data-handler-rectangle_width='15' data-points-color='white' data-points-text_background_color='black' data-cap-first-text='' data-cap-second-text='' data-line-position='vertical' data-icon='rectangle' data-images-first-src='https:\/\/www.antillia.be\/blog\/wp-content\/uploads\/2021\/09\/Weg1-300x169.jpg' data-images-second-src='https:\/\/www.antillia.be\/blog\/wp-content\/uploads\/2021\/09\/Weg2-1-300x169.jpg' data-separator-position='50' >\r\n    <div id=\"ics-slider-6_449765\" class=\"icsMarkerPlace\" style=\"position: relative;\">\r\n                    <div class=\"ba-slider\">\r\n                                    <img decoding=\"async\" class=\"icsSecondImgF\" src=\"https:\/\/www.antillia.be\/blog\/wp-content\/uploads\/2021\/09\/Weg2-1-300x169.jpg\">\r\n                    <div class=\"icsCaption icsCaptionSecond-v\"><\/div>\r\n                    <div class=\"resize-v\">\r\n                        <img decoding=\"async\" class=\"icsFirstImgF\" src=\"https:\/\/www.antillia.be\/blog\/wp-content\/uploads\/2021\/09\/Weg1-300x169.jpg\">\r\n                        <div class=\"icsCaption icsCaptionFirst-v\"><\/div>\r\n                    <\/div>\r\n                    <div class=\"item-point\" data-id=\"1\" data-top=\"100\" data-left=\"100\"><\/div>\r\n                                <span class=\"separate\">\r\n\t                <i class=\"\"><\/i>\r\n                <\/span>\r\n            <\/div>\r\n            \t        <div class=\"icsMarkerText icsHidden\"><\/div>\r\n\t        <div class=\"icsMarker icsMarkerEmpty icsHidden\"><\/div>\r\n            <\/div>\r\n\t<div class=\"sliderStyle\"><\/div>\r\n<\/div>\r\n<script>\r\n    (function ($) {\r\n\t    var id = 'ics-slider-wrapper-6_449765';\r\n\t    $( document ).ready(function() {\r\n\t\t    $('#' + id + ' .ba-slider').beforeAfter();\r\n\/\/\t\t    var i = 0;\r\n\/\/\t\t    var interval = setInterval(function () {\r\n\/\/\t\t\t    if( $('#' + id + ' .ba-slider').is(':visible') && i < 3 ) {\r\n\/\/\t\t\t\t    $('#' + id + ' .ba-slider').beforeAfter();\r\n\/\/\t\t\t\t    i++;\r\n\/\/\t\t\t    }\r\n\/\/\t\t    }, 200);\r\n\t    });\r\n    }(jQuery));\r\n<\/script> <br \/><sup>(34)<\/sup> &#8220;strepenrok&#8221;\u00a0 \/ &#8221; \u2019s Anderendaags breng ik met Broer lief door&#8221;: Toen ik wat verder las herinnerde ik mij deze foto, waarvan ik, na lang wikken en wegen, bijna zeker ben dat die dateert van de dag waarover Sim hier schrijft. <em>&#8220;Roef de wind flapt dol rond mijn <span style=\"color: #0000ff;\">bonten strepenrok<\/span>, bergaf!&#8221; <\/em>(dat zijn de voor fietsers beruchte hellingen op de steenweg van Leuven naar Brussel) en de dag erna het bezoek aan Brussel en broer Bert. Deze setting: het plaatje klopt helemaal, hier met broer Bert in Brussel, waarschijnlijk in de buurt van de Beurs. Die &#8220;bonten strepenrok&#8221; draagt Sim hier. Ik had me er van alles bij voorgesteld, maar het lijkt wel een ontwerp van <a href=\"https:\/\/nl.wikipedia.org\/wiki\/Piet_Mondriaan\" target=\"_blank\" rel=\"noopener nofollow\">Mondriaan<\/a> (die was trouwens in hetzelfde jaar, 1944, overleden op 1 februari), en ik denk dat die rok zelfs nu nog &#8220;modern&#8221; zou zijn. Jammer dat dit geen kleurenfoto is, maar &#8220;zwart-wit&#8221; hoort nu eenmaal bij &#8216;die tijd&#8217; (in alle betekenissen). Hun stuurse blik past ook in dit tijdskader, er is nog in de verste verte geen vermoeden van wat hun (en de hele familie), enkele weken later zal overkomen, of misschien was er toch wel een onbewuste angst (veertien dagen vroeger vond immers &#8220;<a href=\"https:\/\/nl.wikipedia.org\/wiki\/Razzia%27s_van_Meensel-Kiezegem\" target=\"_blank\" rel=\"noopener nofollow\">Het Drama van Meensel-Kiezegem<\/a>&#8221;\u00a0 plaats, Sim kende vele inwoners daar persoonlijk, aan beide zijden van de breuklijn, enkelen waren zelfs familie, \u00e9\u00e9n van hen overleed als weggevoerde in <a href=\"https:\/\/nl.wikipedia.org\/wiki\/Neuengamme\" target=\"_blank\" rel=\"noopener nofollow\"><span style=\"color: #0000ff;\">KZ Neuengamme<\/span><\/a>). <a href=\"https:\/\/www.womb.be\/wp-content\/uploads\/1947\/09\/Metiers.jpg\" target=\"_blank\"><img decoding=\"async\" class=\"zoooom alignnone wp-image-2105 \" src=\"https:\/\/www.womb.be\/wp-content\/uploads\/1947\/09\/Metiers-212x300.jpg\" alt=\"\" width=\"295\" height=\"417\" \/><\/a><\/p>\r\n<!-- \/wp:post-content -->\r\n\r\n<!-- wp:paragraph -->\r\n<p>Net geen twee weken later was het de \u201c<a href=\"https:\/\/nl.wikipedia.org\/wiki\/Prinses_Irene_Brigade\" target=\"_blank\" rel=\"noopener noreferrer nofollow\">Koninklijke Nederlandse Brigade \u2018Prinses Irene<\/a>\u2018 (onderdeel van het\u00a0<a href=\"https:\/\/en.wikipedia.org\/wiki\/Second_Army_(United_Kingdom)#Belgium_and_the_Netherlands\" target=\"_blank\" rel=\"noopener noreferrer nofollow\">Tweede Britse Leger<\/a>) die Sint-Joris-Winge (Sims geboortedorp) zou bevrijden. Er vielen 3 doden tijdens schermutselingen met Duitse soldaten net voor de ingang van het dorp. <br \/><sup>(35)<\/sup> Voor mijn verjaardag in 2023 kreeg ik van kleindochter Lene (10) een tekening met een gedicht dat ze na lang zoeken op haar telefoon gevonden had, de laatste versregel lichtte plots de woorden van grootmoeder op, &#8220;Blijft wie ge zijt&#8221;, bijna 80 jaar later. Sim heeft het zo vaak verteld, met de nodige dramatische expressie, hoe ze voor het ouderlijk huis werd &#8216;opgepikt&#8217; en in de laadbak van de vrachtwagen moest plaatsnemen, terwijl haar moeder haar deze woorden luid nariep. Kort daarna zou Sims moeder zelf worden &#8216;opgepikt&#8217; (zie hierover het hoofdstuk &#8220;<span style=\"color: #0000ff;\"><a style=\"color: #0000ff;\" href=\"https:\/\/www.antillia.be\/blog\/voorgeschiedenis\/sim\/1944-1947-chronologie-gevangenschap-interneringscentra-en-processen\/1944-familie-aanhoudingen\/\" target=\"_blank\" rel=\"noopener\">Aanhoudingen<\/a><\/span>&#8220;). <a href=\"https:\/\/www.antillia.be\/blog\/wp-content\/uploads\/2023\/06\/Lene-rotated.jpg\"><img decoding=\"async\" class=\"size-medium wp-image-11956 aligncenter\" src=\"https:\/\/www.antillia.be\/blog\/wp-content\/uploads\/2023\/06\/Lene-225x300.jpg\" alt=\"\" width=\"225\" height=\"300\" srcset=\"https:\/\/www.antillia.be\/blog\/wp-content\/uploads\/2023\/06\/Lene-225x300.jpg 225w, https:\/\/www.antillia.be\/blog\/wp-content\/uploads\/2023\/06\/Lene-768x1024.jpg 768w, https:\/\/www.antillia.be\/blog\/wp-content\/uploads\/2023\/06\/Lene-rotated.jpg 867w\" sizes=\"(max-width: 225px) 100vw, 225px\" \/><\/a> <em>\u201cSoms is er twijfel<\/em> <em>weet ik niet meer<\/em> <em>wat of hoe<\/em> <em>dan zoek ik de stilte op<\/em> <em>van de zee en luister <\/em> <em>naar de stem diep in mij<\/em> <em>die me vertelt<\/em> <em>blijf in jezelf geloven<\/em> <em>wat anderen ook van je vinden<\/em> <em>iedereen maakt fouten<\/em> <em>daarvan kan je leren<\/em> <em>blijf wie je bent\u2026 jij\u201d<\/em> In het interview dat ik van Sim afnam in 1993 vertelt ze over die gebeurtenis toen:<\/p>\r\n<audio class=\"wp-audio-shortcode\" id=\"audio-934-4\" preload=\"none\" style=\"width: 100%;\" controls=\"controls\"><source type=\"audio\/mpeg\" src=\"https:\/\/www.antillia.be\/blog\/wp-content\/uploads\/2023\/06\/Blijft-wa-ge-zijt.mp3?_=4\" \/><a href=\"https:\/\/www.antillia.be\/blog\/wp-content\/uploads\/2023\/06\/Blijft-wa-ge-zijt.mp3\">https:\/\/www.antillia.be\/blog\/wp-content\/uploads\/2023\/06\/Blijft-wa-ge-zijt.mp3<\/a><\/audio>","protected":false},"excerpt":{"rendered":"<p>(voor de &#8220;Blijft wie ge zijt&#8221; in de titel, zie het dagboek hieronder p. 15 en noot\u00a0 (35) helemaal onderaan, met ook audio van Sim zelf daarover) Opmerking: dit dagboek in twee delen werd door Sim in potlood geschreven tijdens haar eerste gevangenschap van september 1944 tot februari 1945. Ze verbleef toen in de gevangenis &hellip; <\/p>\n<p class=\"link-more\"><a href=\"https:\/\/www.antillia.be\/blog\/voorgeschiedenis\/sim\/1944-1947-chronologie-gevangenschap-interneringscentra-en-processen\/1944-1ste-internering-leuven-centraal\/celdagboek-1944-1945\/\" class=\"more-link\">Lees verder <span class=\"screen-reader-text\">&#8220;Celdagboek 1 1944-1945 Bevrijdingsdagen &#8220;Blijft wie ge zijt!&#8221;<\/span><\/a><\/p>\n","protected":false},"author":1,"featured_media":980,"parent":5743,"menu_order":146,"comment_status":"open","ping_status":"closed","template":"","meta":{"footnotes":""},"class_list":["post-934","page","type-page","status-publish","has-post-thumbnail","hentry"],"yoast_head":"<!-- This site is optimized with the Yoast SEO plugin v27.5 - https:\/\/yoast.com\/product\/yoast-seo-wordpress\/ -->\n<title>Celdagboek 1 1944-1945 Bevrijdingsdagen &quot;Blijft wie ge zijt!<\/title>\n<meta name=\"robots\" content=\"index, follow, max-snippet:-1, max-image-preview:large, max-video-preview:-1\" \/>\n<link rel=\"canonical\" href=\"https:\/\/www.antillia.be\/blog\/voorgeschiedenis\/sim\/1944-1947-chronologie-gevangenschap-interneringscentra-en-processen\/1944-1ste-internering-leuven-centraal\/celdagboek-1944-1945\/\" \/>\n<meta property=\"og:locale\" content=\"nl_NL\" \/>\n<meta property=\"og:type\" content=\"article\" \/>\n<meta property=\"og:title\" content=\"Blijf wie ge zijt! Celdagboek Sim september 1944\" \/>\n<meta property=\"og:description\" content=\"In haar kleine cel beschrijft Sim haar lotgevallen, dag na dag (Leuven Centraal)\" \/>\n<meta property=\"og:url\" content=\"https:\/\/www.antillia.be\/blog\/voorgeschiedenis\/sim\/1944-1947-chronologie-gevangenschap-interneringscentra-en-processen\/1944-1ste-internering-leuven-centraal\/celdagboek-1944-1945\/\" \/>\n<meta property=\"og:site_name\" content=\"Raratonga\" \/>\n<meta property=\"article:modified_time\" content=\"2024-11-22T01:39:08+00:00\" \/>\n<meta property=\"og:image\" content=\"https:\/\/www.antillia.be\/blog\/wp-content\/uploads\/2018\/09\/Sim_0001-1-e1537420202404.jpg\" \/>\n\t<meta property=\"og:image:width\" content=\"1949\" \/>\n\t<meta property=\"og:image:height\" content=\"1285\" \/>\n\t<meta property=\"og:image:type\" content=\"image\/jpeg\" \/>\n<meta name=\"twitter:card\" content=\"summary_large_image\" \/>\n<meta name=\"twitter:label1\" content=\"Geschatte leestijd\" \/>\n\t<meta name=\"twitter:data1\" content=\"45 minuten\" \/>\n<script type=\"application\/ld+json\" class=\"yoast-schema-graph\">{\"@context\":\"https:\\\/\\\/schema.org\",\"@graph\":[{\"@type\":\"WebPage\",\"@id\":\"https:\\\/\\\/www.antillia.be\\\/blog\\\/voorgeschiedenis\\\/sim\\\/1944-1947-chronologie-gevangenschap-interneringscentra-en-processen\\\/1944-1ste-internering-leuven-centraal\\\/celdagboek-1944-1945\\\/\",\"url\":\"https:\\\/\\\/www.antillia.be\\\/blog\\\/voorgeschiedenis\\\/sim\\\/1944-1947-chronologie-gevangenschap-interneringscentra-en-processen\\\/1944-1ste-internering-leuven-centraal\\\/celdagboek-1944-1945\\\/\",\"name\":\"Celdagboek 1 1944-1945 Bevrijdingsdagen \\\"Blijft wie ge zijt!\",\"isPartOf\":{\"@id\":\"https:\\\/\\\/www.antillia.be\\\/blog\\\/#website\"},\"primaryImageOfPage\":{\"@id\":\"https:\\\/\\\/www.antillia.be\\\/blog\\\/voorgeschiedenis\\\/sim\\\/1944-1947-chronologie-gevangenschap-interneringscentra-en-processen\\\/1944-1ste-internering-leuven-centraal\\\/celdagboek-1944-1945\\\/#primaryimage\"},\"image\":{\"@id\":\"https:\\\/\\\/www.antillia.be\\\/blog\\\/voorgeschiedenis\\\/sim\\\/1944-1947-chronologie-gevangenschap-interneringscentra-en-processen\\\/1944-1ste-internering-leuven-centraal\\\/celdagboek-1944-1945\\\/#primaryimage\"},\"thumbnailUrl\":\"https:\\\/\\\/www.antillia.be\\\/blog\\\/wp-content\\\/uploads\\\/2018\\\/09\\\/Sim_0001-1-e1537420202404.jpg\",\"datePublished\":\"2018-09-20T02:18:51+00:00\",\"dateModified\":\"2024-11-22T01:39:08+00:00\",\"breadcrumb\":{\"@id\":\"https:\\\/\\\/www.antillia.be\\\/blog\\\/voorgeschiedenis\\\/sim\\\/1944-1947-chronologie-gevangenschap-interneringscentra-en-processen\\\/1944-1ste-internering-leuven-centraal\\\/celdagboek-1944-1945\\\/#breadcrumb\"},\"inLanguage\":\"nl-NL\",\"potentialAction\":[{\"@type\":\"ReadAction\",\"target\":[\"https:\\\/\\\/www.antillia.be\\\/blog\\\/voorgeschiedenis\\\/sim\\\/1944-1947-chronologie-gevangenschap-interneringscentra-en-processen\\\/1944-1ste-internering-leuven-centraal\\\/celdagboek-1944-1945\\\/\"]}]},{\"@type\":\"ImageObject\",\"inLanguage\":\"nl-NL\",\"@id\":\"https:\\\/\\\/www.antillia.be\\\/blog\\\/voorgeschiedenis\\\/sim\\\/1944-1947-chronologie-gevangenschap-interneringscentra-en-processen\\\/1944-1ste-internering-leuven-centraal\\\/celdagboek-1944-1945\\\/#primaryimage\",\"url\":\"https:\\\/\\\/www.antillia.be\\\/blog\\\/wp-content\\\/uploads\\\/2018\\\/09\\\/Sim_0001-1-e1537420202404.jpg\",\"contentUrl\":\"https:\\\/\\\/www.antillia.be\\\/blog\\\/wp-content\\\/uploads\\\/2018\\\/09\\\/Sim_0001-1-e1537420202404.jpg\",\"width\":1949,\"height\":1285},{\"@type\":\"BreadcrumbList\",\"@id\":\"https:\\\/\\\/www.antillia.be\\\/blog\\\/voorgeschiedenis\\\/sim\\\/1944-1947-chronologie-gevangenschap-interneringscentra-en-processen\\\/1944-1ste-internering-leuven-centraal\\\/celdagboek-1944-1945\\\/#breadcrumb\",\"itemListElement\":[{\"@type\":\"ListItem\",\"position\":1,\"name\":\"Home\",\"item\":\"https:\\\/\\\/www.antillia.be\\\/blog\\\/\"},{\"@type\":\"ListItem\",\"position\":2,\"name\":\"Voorgeschiedenis\",\"item\":\"https:\\\/\\\/www.antillia.be\\\/blog\\\/voorgeschiedenis\\\/\"},{\"@type\":\"ListItem\",\"position\":3,\"name\":\"Sim &#8211; Bio\",\"item\":\"https:\\\/\\\/www.antillia.be\\\/blog\\\/voorgeschiedenis\\\/sim\\\/\"},{\"@type\":\"ListItem\",\"position\":4,\"name\":\"1944-1947 Gevangenschap, interneringscentra en proces\",\"item\":\"https:\\\/\\\/www.antillia.be\\\/blog\\\/voorgeschiedenis\\\/sim\\\/1944-1947-chronologie-gevangenschap-interneringscentra-en-processen\\\/\"},{\"@type\":\"ListItem\",\"position\":5,\"name\":\"1944 1ste internering Leuven Centraal\",\"item\":\"https:\\\/\\\/www.antillia.be\\\/blog\\\/voorgeschiedenis\\\/sim\\\/1944-1947-chronologie-gevangenschap-interneringscentra-en-processen\\\/1944-1ste-internering-leuven-centraal\\\/\"},{\"@type\":\"ListItem\",\"position\":6,\"name\":\"Celdagboek 1 1944-1945 Bevrijdingsdagen &#8220;Blijft wie ge zijt!\"}]},{\"@type\":\"WebSite\",\"@id\":\"https:\\\/\\\/www.antillia.be\\\/blog\\\/#website\",\"url\":\"https:\\\/\\\/www.antillia.be\\\/blog\\\/\",\"name\":\"Raratonga\",\"description\":\"Biografie van een liefde\",\"potentialAction\":[{\"@type\":\"SearchAction\",\"target\":{\"@type\":\"EntryPoint\",\"urlTemplate\":\"https:\\\/\\\/www.antillia.be\\\/blog\\\/?s={search_term_string}\"},\"query-input\":{\"@type\":\"PropertyValueSpecification\",\"valueRequired\":true,\"valueName\":\"search_term_string\"}}],\"inLanguage\":\"nl-NL\"}]}<\/script>\n<!-- \/ Yoast SEO plugin. -->","yoast_head_json":{"title":"Celdagboek 1 1944-1945 Bevrijdingsdagen \"Blijft wie ge zijt!","robots":{"index":"index","follow":"follow","max-snippet":"max-snippet:-1","max-image-preview":"max-image-preview:large","max-video-preview":"max-video-preview:-1"},"canonical":"https:\/\/www.antillia.be\/blog\/voorgeschiedenis\/sim\/1944-1947-chronologie-gevangenschap-interneringscentra-en-processen\/1944-1ste-internering-leuven-centraal\/celdagboek-1944-1945\/","og_locale":"nl_NL","og_type":"article","og_title":"Blijf wie ge zijt! Celdagboek Sim september 1944","og_description":"In haar kleine cel beschrijft Sim haar lotgevallen, dag na dag (Leuven Centraal)","og_url":"https:\/\/www.antillia.be\/blog\/voorgeschiedenis\/sim\/1944-1947-chronologie-gevangenschap-interneringscentra-en-processen\/1944-1ste-internering-leuven-centraal\/celdagboek-1944-1945\/","og_site_name":"Raratonga","article_modified_time":"2024-11-22T01:39:08+00:00","og_image":[{"width":1949,"height":1285,"url":"https:\/\/www.antillia.be\/blog\/wp-content\/uploads\/2018\/09\/Sim_0001-1-e1537420202404.jpg","type":"image\/jpeg"}],"twitter_card":"summary_large_image","twitter_misc":{"Geschatte leestijd":"45 minuten"},"schema":{"@context":"https:\/\/schema.org","@graph":[{"@type":"WebPage","@id":"https:\/\/www.antillia.be\/blog\/voorgeschiedenis\/sim\/1944-1947-chronologie-gevangenschap-interneringscentra-en-processen\/1944-1ste-internering-leuven-centraal\/celdagboek-1944-1945\/","url":"https:\/\/www.antillia.be\/blog\/voorgeschiedenis\/sim\/1944-1947-chronologie-gevangenschap-interneringscentra-en-processen\/1944-1ste-internering-leuven-centraal\/celdagboek-1944-1945\/","name":"Celdagboek 1 1944-1945 Bevrijdingsdagen \"Blijft wie ge zijt!","isPartOf":{"@id":"https:\/\/www.antillia.be\/blog\/#website"},"primaryImageOfPage":{"@id":"https:\/\/www.antillia.be\/blog\/voorgeschiedenis\/sim\/1944-1947-chronologie-gevangenschap-interneringscentra-en-processen\/1944-1ste-internering-leuven-centraal\/celdagboek-1944-1945\/#primaryimage"},"image":{"@id":"https:\/\/www.antillia.be\/blog\/voorgeschiedenis\/sim\/1944-1947-chronologie-gevangenschap-interneringscentra-en-processen\/1944-1ste-internering-leuven-centraal\/celdagboek-1944-1945\/#primaryimage"},"thumbnailUrl":"https:\/\/www.antillia.be\/blog\/wp-content\/uploads\/2018\/09\/Sim_0001-1-e1537420202404.jpg","datePublished":"2018-09-20T02:18:51+00:00","dateModified":"2024-11-22T01:39:08+00:00","breadcrumb":{"@id":"https:\/\/www.antillia.be\/blog\/voorgeschiedenis\/sim\/1944-1947-chronologie-gevangenschap-interneringscentra-en-processen\/1944-1ste-internering-leuven-centraal\/celdagboek-1944-1945\/#breadcrumb"},"inLanguage":"nl-NL","potentialAction":[{"@type":"ReadAction","target":["https:\/\/www.antillia.be\/blog\/voorgeschiedenis\/sim\/1944-1947-chronologie-gevangenschap-interneringscentra-en-processen\/1944-1ste-internering-leuven-centraal\/celdagboek-1944-1945\/"]}]},{"@type":"ImageObject","inLanguage":"nl-NL","@id":"https:\/\/www.antillia.be\/blog\/voorgeschiedenis\/sim\/1944-1947-chronologie-gevangenschap-interneringscentra-en-processen\/1944-1ste-internering-leuven-centraal\/celdagboek-1944-1945\/#primaryimage","url":"https:\/\/www.antillia.be\/blog\/wp-content\/uploads\/2018\/09\/Sim_0001-1-e1537420202404.jpg","contentUrl":"https:\/\/www.antillia.be\/blog\/wp-content\/uploads\/2018\/09\/Sim_0001-1-e1537420202404.jpg","width":1949,"height":1285},{"@type":"BreadcrumbList","@id":"https:\/\/www.antillia.be\/blog\/voorgeschiedenis\/sim\/1944-1947-chronologie-gevangenschap-interneringscentra-en-processen\/1944-1ste-internering-leuven-centraal\/celdagboek-1944-1945\/#breadcrumb","itemListElement":[{"@type":"ListItem","position":1,"name":"Home","item":"https:\/\/www.antillia.be\/blog\/"},{"@type":"ListItem","position":2,"name":"Voorgeschiedenis","item":"https:\/\/www.antillia.be\/blog\/voorgeschiedenis\/"},{"@type":"ListItem","position":3,"name":"Sim &#8211; Bio","item":"https:\/\/www.antillia.be\/blog\/voorgeschiedenis\/sim\/"},{"@type":"ListItem","position":4,"name":"1944-1947 Gevangenschap, interneringscentra en proces","item":"https:\/\/www.antillia.be\/blog\/voorgeschiedenis\/sim\/1944-1947-chronologie-gevangenschap-interneringscentra-en-processen\/"},{"@type":"ListItem","position":5,"name":"1944 1ste internering Leuven Centraal","item":"https:\/\/www.antillia.be\/blog\/voorgeschiedenis\/sim\/1944-1947-chronologie-gevangenschap-interneringscentra-en-processen\/1944-1ste-internering-leuven-centraal\/"},{"@type":"ListItem","position":6,"name":"Celdagboek 1 1944-1945 Bevrijdingsdagen &#8220;Blijft wie ge zijt!"}]},{"@type":"WebSite","@id":"https:\/\/www.antillia.be\/blog\/#website","url":"https:\/\/www.antillia.be\/blog\/","name":"Raratonga","description":"Biografie van een liefde","potentialAction":[{"@type":"SearchAction","target":{"@type":"EntryPoint","urlTemplate":"https:\/\/www.antillia.be\/blog\/?s={search_term_string}"},"query-input":{"@type":"PropertyValueSpecification","valueRequired":true,"valueName":"search_term_string"}}],"inLanguage":"nl-NL"}]}},"jetpack_shortlink":"https:\/\/wp.me\/PbQXZk-f4","jetpack_sharing_enabled":true,"jetpack_likes_enabled":true,"_links":{"self":[{"href":"https:\/\/www.antillia.be\/blog\/wp-json\/wp\/v2\/pages\/934","targetHints":{"allow":["GET"]}}],"collection":[{"href":"https:\/\/www.antillia.be\/blog\/wp-json\/wp\/v2\/pages"}],"about":[{"href":"https:\/\/www.antillia.be\/blog\/wp-json\/wp\/v2\/types\/page"}],"author":[{"embeddable":true,"href":"https:\/\/www.antillia.be\/blog\/wp-json\/wp\/v2\/users\/1"}],"replies":[{"embeddable":true,"href":"https:\/\/www.antillia.be\/blog\/wp-json\/wp\/v2\/comments?post=934"}],"version-history":[{"count":0,"href":"https:\/\/www.antillia.be\/blog\/wp-json\/wp\/v2\/pages\/934\/revisions"}],"up":[{"embeddable":true,"href":"https:\/\/www.antillia.be\/blog\/wp-json\/wp\/v2\/pages\/5743"}],"wp:featuredmedia":[{"embeddable":true,"href":"https:\/\/www.antillia.be\/blog\/wp-json\/wp\/v2\/media\/980"}],"wp:attachment":[{"href":"https:\/\/www.antillia.be\/blog\/wp-json\/wp\/v2\/media?parent=934"}],"curies":[{"name":"wp","href":"https:\/\/api.w.org\/{rel}","templated":true}]}}